{"id":422,"date":"2021-09-12T14:45:26","date_gmt":"2021-09-12T12:45:26","guid":{"rendered":"https:\/\/hudbasvetazilina.sk\/?page_id=422"},"modified":"2021-09-12T14:45:26","modified_gmt":"2021-09-12T12:45:26","slug":"rocnik-2020","status":"publish","type":"page","link":"https:\/\/hudbasvetazilina.sk\/sk\/rocnik-2020\/","title":{"rendered":"Ro\u010dn\u00edk 2020"},"content":{"rendered":"<p><strong><em>Hudba sveta \u017dilina 2020 uv\u00e1dza Martin Gei\u0161berg &amp; Sandonoriko &amp; Balkansambel\u00a0 \u00a0&#8222;Na Modrej Plan\u00e9te&#8220;\u00a0<\/em><\/strong><\/p>\n\t\r\n\t\t\r\n\t<div id=\"meteor-slideshowslider2020\" class=\"meteor-slides slider2020 navboth { next: '#meteor-nextslider2020', prev: '#meteor-prevslider2020', pager: '#meteor-buttonsslider2020' }\">\r\n\t\r\n\t\t\t\r\n\t\t\t\r\n\t\t\t<ul class=\"meteor-nav\">\r\n\t\t\r\n\t\t\t\t<li id=\"meteor-prevslider2020\" class=\"prev\"><a href=\"#prev\">Previous<\/a><\/li>\r\n\t\t\t\r\n\t\t\t\t<li id=\"meteor-nextslider2020\" class=\"next\"><a href=\"#next\">Next<\/a><\/li>\r\n\t\t\t\r\n\t\t\t<\/ul><!-- .meteor-nav -->\r\n\t\t\r\n\t\t\t<div id=\"meteor-buttonsslider2020\" class=\"meteor-buttons\"><\/div>\r\n\t\t\r\n\t\t\t\t\r\n\t\t\t\r\n\t\t<div class=\"meteor-clip\">\r\n\t\r\n\t\t\t\t\r\n\t\t\t<img style=\"visibility: hidden;\" class=\"meteor-shim\" src=\"https:\/\/hudbasvetazilina.sk\/wp-content\/uploads\/2020\/01\/IMG_9910.png\" alt=\"\" \/>\r\n\t\t\t<div class=\"mslide mslide-1\">\r\n\t\t\t\t\r\n\t\t\t\t\t\t\t\t\t\r\n\t\t\t\t\t<img width=\"1200\" height=\"800\" src=\"https:\/\/hudbasvetazilina.sk\/wp-content\/uploads\/2020\/01\/IMG_9910.png\" class=\"attachment-featured-slide size-featured-slide wp-post-image\" alt=\"\" loading=\"lazy\" title=\"(English) HS 2020\" srcset=\"https:\/\/hudbasvetazilina.sk\/wp-content\/uploads\/2020\/01\/IMG_9910.png 1200w, https:\/\/hudbasvetazilina.sk\/wp-content\/uploads\/2020\/01\/IMG_9910-700x467.png 700w, https:\/\/hudbasvetazilina.sk\/wp-content\/uploads\/2020\/01\/IMG_9910-768x512.png 768w, https:\/\/hudbasvetazilina.sk\/wp-content\/uploads\/2020\/01\/IMG_9910-250x167.png 250w, https:\/\/hudbasvetazilina.sk\/wp-content\/uploads\/2020\/01\/IMG_9910-800x533.png 800w\" sizes=\"(max-width: 1200px) 100vw, 1200px\" \/>\t\t\t\t\t\r\n\t\t\t\t\t\t\t\r\n\t\t\t<\/div><!-- .mslide -->\r\n\t\t\t\r\n\t\t\t\t\t\t\r\n\t\t\t\t\r\n\t\t\t\r\n\t\t\t<div class=\"mslide mslide-2\">\r\n\t\t\t\t\r\n\t\t\t\t\t\t\t\t\t\r\n\t\t\t\t\t<img width=\"1280\" height=\"800\" src=\"https:\/\/hudbasvetazilina.sk\/wp-content\/uploads\/2020\/01\/IMG_9795-1280x800.png\" class=\"attachment-featured-slide size-featured-slide wp-post-image\" alt=\"\" loading=\"lazy\" title=\"(English) HS 2020\" \/>\t\t\t\t\t\r\n\t\t\t\t\t\t\t\r\n\t\t\t<\/div><!-- .mslide -->\r\n\t\t\t\r\n\t\t\t\t\t\t\r\n\t\t\t\t\r\n\t\t\t\r\n\t\t\t<div class=\"mslide mslide-3\">\r\n\t\t\t\t\r\n\t\t\t\t\t\t\t\t\t\r\n\t\t\t\t\t<img width=\"1280\" height=\"800\" src=\"https:\/\/hudbasvetazilina.sk\/wp-content\/uploads\/2020\/01\/Kreslo-profi-foto-1280x800.jpg\" class=\"attachment-featured-slide size-featured-slide wp-post-image\" alt=\"\" loading=\"lazy\" title=\"(English) HS 2020\" \/>\t\t\t\t\t\r\n\t\t\t\t\t\t\t\r\n\t\t\t<\/div><!-- .mslide -->\r\n\t\t\t\r\n\t\t\t\t\t\t\r\n\t\t\t\t\r\n\t\t\t\r\n\t\t\t<div class=\"mslide mslide-4\">\r\n\t\t\t\t\r\n\t\t\t\t\t\t\t\t\t\r\n\t\t\t\t\t<img width=\"1280\" height=\"800\" src=\"https:\/\/hudbasvetazilina.sk\/wp-content\/uploads\/2020\/01\/LR_BaroDromOrkestar_Nisba_Musicastrada_4-1280x800.jpg\" class=\"attachment-featured-slide size-featured-slide wp-post-image\" alt=\"\" loading=\"lazy\" title=\"(English) HS 2020\" \/>\t\t\t\t\t\r\n\t\t\t\t\t\t\t\r\n\t\t\t<\/div><!-- .mslide -->\r\n\t\t\t\r\n\t\t\t\t\t\t\r\n\t\t\t\t\r\n\t\t\t\r\n\t\t\t<div class=\"mslide mslide-5\">\r\n\t\t\t\t\r\n\t\t\t\t\t\t\t\t\t\r\n\t\t\t\t\t<img width=\"800\" height=\"800\" src=\"https:\/\/hudbasvetazilina.sk\/wp-content\/uploads\/2020\/01\/Euridika-800x800.jpg\" class=\"attachment-featured-slide size-featured-slide wp-post-image\" alt=\"\" loading=\"lazy\" title=\"HS 2020\" srcset=\"https:\/\/hudbasvetazilina.sk\/wp-content\/uploads\/2020\/01\/Euridika-800x800.jpg 800w, https:\/\/hudbasvetazilina.sk\/wp-content\/uploads\/2020\/01\/Euridika-150x150.jpg 150w\" sizes=\"(max-width: 800px) 100vw, 800px\" \/>\t\t\t\t\t\r\n\t\t\t\t\t\t\t\r\n\t\t\t<\/div><!-- .mslide -->\r\n\t\t\t\r\n\t\t\t\t\t\t\r\n\t\t\t\t\r\n\t\t<\/div><!-- .meteor-clip -->\r\n\t\t\t\t\r\n\t\t\t\t\t\r\n\t<\/div><!-- .meteor-slides -->\r\n\t\r\n\t\n<h2 style=\"text-align: center;\">HUDBA SVETA \u017dILINA<\/h2>\n<p style=\"text-align: center;\">Medzin\u00e1rodn\u00fd festival HUDBA SVETA \u017dILINA predstavuje priestor pre \u017eiv\u00fa prezent\u00e1ciu r\u00f4znych hudobn\u00fdch kult\u00far z cel\u00e9ho sveta. Chce pouk\u00e1za\u0165 na rozmanitos\u0165 a kr\u00e1su world music v podan\u00ed \u0161pi\u010dkov\u00fdch dom\u00e1cich i zahrani\u010dn\u00fdch umelcov. V r\u00e1mci nieko\u013ek\u00fdch ve\u010derov zaznie v\u017edy hudba zameran\u00e1 na ur\u010dit\u00fa kult\u00faru alebo hudobn\u00fd \u0161t\u00fdl. Doteraz sa tu predstavili kapely ako\u00a0<strong>Relu a Zuralia Orchestra<\/strong>\u00a0z Rumunska, srbsk\u00e9\u00a0<strong>Balkan strings trio<\/strong>, <strong>Fanfare Ciocarlia a Bojan Krsti\u010d Orkestar,<\/strong> argent\u00ednske tango v podan\u00ed\u00a0<strong>Ariel Ramirez Quintet<\/strong>, bret\u00f3nska hudba v reperto\u00e1ri franc\u00fazsko-slovensk\u00e9ho zoskupenia\u00a0<strong>Roc\u00b4hann<\/strong>, arm\u00e9nsky umelci \u2013\u00a0<strong>Karin Sarkisjan <\/strong>a <strong>David Yengibarian<\/strong>,\u00a0<strong>Gordon Tama<\/strong>\u00a0z Nov\u00e9ho Z\u00e9landu,\u00a0<strong>Mira Awad<\/strong>\u00a0z Izraela, po\u013esk\u00e1 world music kapela\u00a0<strong>\u010ca\u010di Vorba<\/strong>, ma\u010farsk\u00e9 form\u00e1cie\u00a0<strong>Erika Kert\u00e9z a David Reschofsky Duo, Cimbaliband<\/strong>, f\u00ednska diva <strong>Maija<\/strong> <strong>Kauhanen,<\/strong>\u010desk\u00e1 world music v novom jedine\u010dnom spracovan\u00ed <strong>Jitky \u0160uranskej <\/strong>a\u00a0<strong>BraAgas,<\/strong> bulharsk\u00e9 vok\u00e1lne trio\u00a0<strong>Evridika<\/strong>, slovensko-moldavsk\u00e9 trio\u00a0<strong>PaCoRa, <\/strong>\u00a0medzin\u00e1rodn\u00e1 flamenco form\u00e1cia <strong>Flaco de Nerja Flameco Ensemble, <\/strong>\u00a0zo slovensk\u00fdch umelcov <strong>BANDA<\/strong>,<strong>Slovak Tango<\/strong>, <strong>Rus\u00edn \u010cende\u0161 Orchestra<\/strong>, <strong>Folkl\u00f3rny s\u00fabor Rozsutec, Michal Smetanka <\/strong>a v neposlednom rade \u017eilinsk\u00fd\u00a0<strong>Balkansambel<\/strong>\u00a0ako poz\u00fdvaj\u00faca dom\u00e1ca hudobn\u00e1 form\u00e1cia. Okrem hudobn\u00fdch ve\u010derov s\u00fa pre mlad\u00fdch muzikantov a hudobn\u00fdch nad\u0161encov ka\u017edoro\u010dne pripraven\u00e9 hudobn\u00e9 worshopy s majstrami svojho remesla \u2013 hudobn\u00edkmi hraj\u00facimi na festivale.<\/p>\n<p>&nbsp;<\/p>\n<hr class=\"divider\" \/>\n<p><img loading=\"lazy\" class=\"aligncenter wp-image-402 size-full\" src=\"https:\/\/hudbasvetazilina.sk\/wp-content\/uploads\/2020\/10\/WEB.png\" alt=\"\" width=\"3508\" height=\"3508\" srcset=\"https:\/\/hudbasvetazilina.sk\/wp-content\/uploads\/2020\/10\/WEB.png 3508w, https:\/\/hudbasvetazilina.sk\/wp-content\/uploads\/2020\/10\/WEB-700x700.png 700w, https:\/\/hudbasvetazilina.sk\/wp-content\/uploads\/2020\/10\/WEB-150x150.png 150w, https:\/\/hudbasvetazilina.sk\/wp-content\/uploads\/2020\/10\/WEB-768x768.png 768w, https:\/\/hudbasvetazilina.sk\/wp-content\/uploads\/2020\/10\/WEB-1536x1536.png 1536w, https:\/\/hudbasvetazilina.sk\/wp-content\/uploads\/2020\/10\/WEB-2048x2048.png 2048w, https:\/\/hudbasvetazilina.sk\/wp-content\/uploads\/2020\/10\/WEB-250x250.png 250w, https:\/\/hudbasvetazilina.sk\/wp-content\/uploads\/2020\/10\/WEB-800x800.png 800w\" sizes=\"(max-width: 3508px) 100vw, 3508px\" \/><\/p>","protected":false},"excerpt":{"rendered":"<p>Hudba sveta \u017dilina 2020 uv\u00e1dza Martin Gei\u0161berg &amp; Sandonoriko &amp; Balkansambel\u00a0 \u00a0&#8222;Na Modrej Plan\u00e9te&#8220;\u00a0 HUDBA SVETA \u017dILINA Medzin\u00e1rodn\u00fd festival HUDBA SVETA \u017dILINA predstavuje priestor pre \u017eiv\u00fa prezent\u00e1ciu r\u00f4znych hudobn\u00fdch kult\u00far z cel\u00e9ho sveta. Chce pouk\u00e1za\u0165 na rozmanitos\u0165 a kr\u00e1su world music v podan\u00ed \u0161pi\u010dkov\u00fdch dom\u00e1cich i zahrani\u010dn\u00fdch umelcov. V r\u00e1mci nieko\u013ek\u00fdch ve\u010derov zaznie v\u017edy hudba&#8230;<\/p>\n","protected":false},"author":1,"featured_media":0,"parent":0,"menu_order":6,"comment_status":"closed","ping_status":"closed","template":"fullwidth.php","meta":[],"yoast_head":"<!-- This site is optimized with the Yoast SEO plugin v15.1.1 - https:\/\/yoast.com\/wordpress\/plugins\/seo\/ -->\n<title>Ro\u010dn\u00edk 2020 - Hudba sveta \u017dilina<\/title>\n<meta name=\"robots\" content=\"index, follow, max-snippet:-1, max-image-preview:large, max-video-preview:-1\" \/>\n<link rel=\"canonical\" href=\"https:\/\/hudbasvetazilina.sk\/sk\/rocnik-2020\/\" \/>\n<meta property=\"og:locale\" content=\"sk_SK\" \/>\n<meta property=\"og:type\" content=\"article\" \/>\n<meta property=\"og:title\" content=\"Ro\u010dn\u00edk 2020 - Hudba sveta \u017dilina\" \/>\n<meta property=\"og:description\" content=\"Hudba sveta \u017dilina 2020 uv\u00e1dza Martin Gei\u0161berg &amp; Sandonoriko &amp; Balkansambel\u00a0 \u00a0&#8222;Na Modrej Plan\u00e9te&#8220;\u00a0 HUDBA SVETA \u017dILINA Medzin\u00e1rodn\u00fd festival HUDBA SVETA \u017dILINA predstavuje priestor pre \u017eiv\u00fa prezent\u00e1ciu r\u00f4znych hudobn\u00fdch kult\u00far z cel\u00e9ho sveta. Chce pouk\u00e1za\u0165 na rozmanitos\u0165 a kr\u00e1su world music v podan\u00ed \u0161pi\u010dkov\u00fdch dom\u00e1cich i zahrani\u010dn\u00fdch umelcov. V r\u00e1mci nieko\u013ek\u00fdch ve\u010derov zaznie v\u017edy hudba...\" \/>\n<meta property=\"og:url\" content=\"https:\/\/hudbasvetazilina.sk\/sk\/rocnik-2020\/\" \/>\n<meta property=\"og:site_name\" content=\"Hudba sveta \u017dilina\" \/>\n<meta property=\"article:publisher\" content=\"https:\/\/www.facebook.com\/hudbasvetazilina\/\" \/>\n<meta property=\"og:image\" content=\"https:\/\/hudbasvetazilina.sk\/wp-content\/uploads\/2020\/10\/WEB.png\" \/>\n<meta name=\"twitter:card\" content=\"summary_large_image\" \/>\n<script type=\"application\/ld+json\" class=\"yoast-schema-graph\">{\"@context\":\"https:\/\/schema.org\",\"@graph\":[{\"@type\":\"Organization\",\"@id\":\"https:\/\/hudbasvetazilina.sk\/sk\/#organization\",\"name\":\"Hudba sveta \\u017dilina\",\"url\":\"https:\/\/hudbasvetazilina.sk\/sk\/\",\"sameAs\":[\"https:\/\/www.facebook.com\/hudbasvetazilina\/\"],\"logo\":{\"@type\":\"ImageObject\",\"@id\":\"https:\/\/hudbasvetazilina.sk\/sk\/#logo\",\"inLanguage\":\"sk-SK\",\"url\":\"https:\/\/hudbasvetazilina.sk\/wp-content\/uploads\/2024\/09\/hudba_sveta_logo.jpg\",\"width\":1080,\"height\":555,\"caption\":\"Hudba sveta \\u017dilina\"},\"image\":{\"@id\":\"https:\/\/hudbasvetazilina.sk\/sk\/#logo\"}},{\"@type\":\"WebSite\",\"@id\":\"https:\/\/hudbasvetazilina.sk\/sk\/#website\",\"url\":\"https:\/\/hudbasvetazilina.sk\/sk\/\",\"name\":\"Hudba sveta \\u017dilina\",\"description\":\"9. - 10. Okt\\u00f3ber 2025\",\"publisher\":{\"@id\":\"https:\/\/hudbasvetazilina.sk\/sk\/#organization\"},\"potentialAction\":[{\"@type\":\"SearchAction\",\"target\":\"https:\/\/hudbasvetazilina.sk\/sk\/?s={search_term_string}\",\"query-input\":\"required name=search_term_string\"}],\"inLanguage\":\"sk-SK\"},{\"@type\":\"ImageObject\",\"@id\":\"https:\/\/hudbasvetazilina.sk\/sk\/rocnik-2020\/#primaryimage\",\"inLanguage\":\"sk-SK\",\"url\":\"https:\/\/hudbasvetazilina.sk\/wp-content\/uploads\/2020\/10\/WEB.png\",\"width\":3508,\"height\":3508},{\"@type\":\"WebPage\",\"@id\":\"https:\/\/hudbasvetazilina.sk\/sk\/rocnik-2020\/#webpage\",\"url\":\"https:\/\/hudbasvetazilina.sk\/sk\/rocnik-2020\/\",\"name\":\"Ro\\u010dn\\u00edk 2020 - Hudba sveta \\u017dilina\",\"isPartOf\":{\"@id\":\"https:\/\/hudbasvetazilina.sk\/sk\/#website\"},\"primaryImageOfPage\":{\"@id\":\"https:\/\/hudbasvetazilina.sk\/sk\/rocnik-2020\/#primaryimage\"},\"datePublished\":\"2021-09-12T12:45:26+00:00\",\"dateModified\":\"2021-09-12T12:45:26+00:00\",\"inLanguage\":\"sk-SK\",\"potentialAction\":[{\"@type\":\"ReadAction\",\"target\":[[\"https:\/\/hudbasvetazilina.sk\/sk\/rocnik-2020\/\"]]}]}]}<\/script>\n<!-- \/ Yoast SEO plugin. -->","_links":{"self":[{"href":"https:\/\/hudbasvetazilina.sk\/sk\/wp-json\/wp\/v2\/pages\/422"}],"collection":[{"href":"https:\/\/hudbasvetazilina.sk\/sk\/wp-json\/wp\/v2\/pages"}],"about":[{"href":"https:\/\/hudbasvetazilina.sk\/sk\/wp-json\/wp\/v2\/types\/page"}],"author":[{"embeddable":true,"href":"https:\/\/hudbasvetazilina.sk\/sk\/wp-json\/wp\/v2\/users\/1"}],"replies":[{"embeddable":true,"href":"https:\/\/hudbasvetazilina.sk\/sk\/wp-json\/wp\/v2\/comments?post=422"}],"version-history":[{"count":1,"href":"https:\/\/hudbasvetazilina.sk\/sk\/wp-json\/wp\/v2\/pages\/422\/revisions"}],"predecessor-version":[{"id":424,"href":"https:\/\/hudbasvetazilina.sk\/sk\/wp-json\/wp\/v2\/pages\/422\/revisions\/424"}],"wp:attachment":[{"href":"https:\/\/hudbasvetazilina.sk\/sk\/wp-json\/wp\/v2\/media?parent=422"}],"curies":[{"name":"wp","href":"https:\/\/api.w.org\/{rel}","templated":true}]}}