{"id":3,"date":"2018-12-16T17:47:29","date_gmt":"2018-12-16T16:47:29","guid":{"rendered":"https:\/\/hudbasvetazilina.sk\/?page_id=3"},"modified":"2018-12-16T19:14:31","modified_gmt":"2018-12-16T18:14:31","slug":"ochrana-sukromia","status":"publish","type":"page","link":"https:\/\/hudbasvetazilina.sk\/sk\/ochrana-sukromia\/","title":{"rendered":"Ochrana osobn\u00fdch \u00fadajov"},"content":{"rendered":"<p>Tieto pod\u00admienky ochrany s\u00fa\u00adkro\u00admia s\u00fa platn\u00e9 od 24.5.2018.<\/p>\n<p>Z\u00e1\u00adle\u017e\u00ed n\u00e1m na ochrane V\u00e1\u0161ho s\u00fa\u00adkro\u00admia. Preto si pro\u00ads\u00edm po\u00adzorne pre\u00ad\u010d\u00ed\u00adtajte tieto pod\u00admienky ochrany s\u00fa\u00adkro\u00admia (\u010fa\u00adlej len \u201ePod\u00admienky ochrany s\u00fa\u00adkro\u00admia\u201c).<\/p>\n<p>Tieto Pod\u00admienky ochrany s\u00fa\u00adkro\u00admia pod\u00adrobne po\u00adpi\u00adsuj\u00fa ako z\u00eds\u00adka\u00advame, po\u00adu\u00ad\u017e\u00ed\u00advame, ucho\u00adv\u00e1\u00advame a pr\u00ed\u00adpadne zve\u00adrej\u00ad\u0148u\u00adjeme Va\u0161e osobn\u00e9 \u00fadaje pri jed\u00adnot\u00adli\u00adv\u00fdch \u010din\u00adnos\u00adtiach vy\u00adko\u00adn\u00e1\u00adva\u00adn\u00fdch spo\u00adlo\u010d\u00adnos\u00ad\u0165ou Hudba sveta \u017dilina. V pr\u00ed\u00adpade ak\u00fdch\u00adko\u013e\u00advek ot\u00e1\u00adzok, do\u00adta\u00adzov alebo \u017eia\u00addost\u00ed t\u00fd\u00adka\u00adj\u00fa\u00adcich sa ochrany s\u00fa\u00adkro\u00admia n\u00e1s pro\u00ads\u00edm kon\u00adtak\u00adtujte na ad\u00adrese Hudba sveta \u017dilina@gmail.com<\/p>\n<p>Ak sa v t\u00fdchto Pod\u00admien\u00adkach ochrany s\u00fa\u00adkro\u00admia po\u00adu\u00ad\u017e\u00edva po\u00adjem \u201eHudba sveta \u017dilina\u201c, \u201emy\u201c, \u201en\u00e1s\u201c a pod. m\u00e1 sa t\u00fdm na mysli hudobn\u00e1 skupina Hudba sveta \u017dilina za\u00adlo\u00ad\u017een\u00e1 v Slo\u00adven\u00adskej re\u00adpub\u00adlike.<\/p>\n<p>Na \u00fa\u010dely t\u00fdchto Pod\u00admie\u00adnok maj\u00fa na\u00adsle\u00addovn\u00e9 pojmy tento v\u00fd\u00adznam:<\/p>\n<p>\u201eOsobn\u00e9 \u00fadaje\u201c zna\u00adme\u00adnaj\u00fa v\u0161etky osobn\u00e9 \u00fadaje, ktor\u00e9 sa vz\u0165a\u00adhuj\u00fa ku kon\u00adkr\u00e9t\u00adnej \u017ei\u00adj\u00fa\u00adcej fy\u00adzic\u00adkej osobe, ktor\u00e1 je iden\u00adti\u00adfi\u00adko\u00adva\u00adte\u013en\u00e1 alebo by pro\u00adstred\u00adn\u00edc\u00adtvom t\u00fdchto \u00fada\u00adjov mohla by\u0165 iden\u00adti\u00adfi\u00adko\u00advan\u00e1 a ktor\u00e9 spra\u00adc\u00fava Hudba sveta \u017dilina na nie\u00adktor\u00fd z \u00fa\u010de\u00adlov uve\u00adde\u00adn\u00fdch v t\u00fdchto Pod\u00admien\u00adkach ochrany s\u00fa\u00adkro\u00admia.<\/p>\n<p>\u201ePre\u00adv\u00e1dz\u00adko\u00adva\u00adte\u013e\u201c zna\u00admen\u00e1 kon\u00adkr\u00e9tnu osobu, ktor\u00e1 ur\u00ad\u010duje \u00fa\u010del spra\u00adc\u00fa\u00adva\u00adnia Osob\u00adn\u00fdch \u00fada\u00adjov a je n\u00edm Hudba sveta \u017dilina v s\u00fa\u00adlade s t\u00fdmto Pod\u00admien\u00adkami ochrany s\u00fa\u00adkro\u00admia.<\/p>\n<p>\u201eSpro\u00adstred\u00adko\u00adva\u00adte\u013e\u201c zna\u00admen\u00e1 in\u00e1 osoba ako Pre\u00adv\u00e1dz\u00adko\u00adva\u00adte\u013e v da\u00adnom pr\u00ed\u00adpade, ktor\u00e1 v mene Pre\u00adv\u00e1dz\u00adko\u00adva\u00adte\u013ea v kon\u00adkr\u00e9t\u00adnom pr\u00ed\u00adpade spra\u00adc\u00fava Osobn\u00e9 \u00fadaje.<\/p>\n<p>\u201eGDPR\u201c zna\u00admen\u00e1 Na\u00adria\u00adde\u00adnie Eur\u00f3p\u00adskeho par\u00adla\u00admentu a Rady (E\u00da) 2016\/679 z 27. ap\u00adr\u00edla 2016 o ochrane fy\u00adzic\u00adk\u00fdch os\u00f4b pri spra\u00adc\u00fa\u00advan\u00ed osob\u00adn\u00fdch \u00fada\u00adjov a o vo\u013e\u00adnom po\u00adhybe ta\u00adk\u00fdchto \u00fada\u00adjov.<\/p>\n<p>\u201ePor\u00adt\u00e1l\u201c zna\u00admen\u00e1 we\u00adbov\u00e9 str\u00e1nky, kto\u00adr\u00fdch pre\u00adv\u00e1dz\u00adko\u00adva\u00adte\u00ad\u013eom je Pre\u00adv\u00e1dz\u00adko\u00adva\u00adte\u013e pre\u00adv\u00e1dz\u00adko\u00adva\u00adn\u00fdch na in\u00adter\u00adne\u00adto\u00advej do\u00adm\u00e9ne Hudba sveta \u017dilina.sk. Por\u00adt\u00e1l za\u00adh\u0155\u0148a v\u0161etky a ak\u00e9\u00adko\u013e\u00advek \u010dasti we\u00adbo\u00advej str\u00e1nky, jej pod\u00adstr\u00e1\u00adnok, ich ob\u00adsah, zdro\u00adjov\u00e9 a stro\u00adjov\u00e9 k\u00f3dy tak ako je v akom\u00adko\u013e\u00advek \u010dase do\u00adstupn\u00fd a pre\u00adv\u00e1dz\u00adko\u00advan\u00fd na vy\u0161\u00ad\u0161ie uve\u00adde\u00adnej do\u00adm\u00e9ne.<\/p>\n<p>Hudba sveta \u017dilina spra\u00adc\u00fava Va\u0161e Osobn\u00e9 \u00fadaje v s\u00fa\u00adlade s GDPR a z\u00e1\u00adko\u00adnom \u010d. 18\/2018 Z. z. o ochrane osob\u00adn\u00fdch \u00fada\u00adjov a o zmene a do\u00adpl\u00adnen\u00ed nie\u00adkto\u00adr\u00fdch z\u00e1\u00adko\u00adnov.<\/p>\n<p>Ak\u00e9 Osobn\u00e9 \u00fadaje o V\u00e1s z\u00eds\u00adka\u00advame?<br \/>\nOsobn\u00e9 \u00fadaje, ktor\u00e9 n\u00e1m sami po\u00adskyt\u00adnete:<br \/>\nOsobn\u00e9 \u00fadaje n\u00e1m po\u00adsky\u00adtu\u00adjete v pr\u00ed\u00adpade, \u017ee<\/p>\n<p>sa roz\u00adhod\u00adnete na nie\u00adkto\u00adrom Por\u00adt\u00e1li vy\u00adpl\u00adni\u0165 nie\u00adktor\u00fd z kon\u00adtakt\u00adn\u00fdch for\u00admu\u00adl\u00e1\u00adrov pre za\u00adsie\u00adla\u00adnie spr\u00e1v pria\u00admeho mar\u00adke\u00adtingu (ne\u00adws\u00adlet\u00adter);<br \/>\nsa rozhodnete n\u00e1s kontaktova\u0165 prostredn\u00edctvom telef\u00f3nu<br \/>\nsa roz\u00adhod\u00adnete n\u00e1s kon\u00adtak\u00adto\u00adva\u0165 pro\u00adstred\u00adn\u00edc\u00adtvom emailu;<br \/>\nAk\u00e9\u00adko\u013e\u00advek Osobn\u00e9 \u00fadaje n\u00e1m po\u00adsky\u00adtu\u00adjete dob\u00adro\u00advo\u013ene a ste po\u00advinn\u00ed s\u00e1m zv\u00e1\u00ad\u017ei\u0165 do akej miery ta\u00adk\u00e9to Osobn\u00e9 \u00fadaje po\u00adskyt\u00adnete. Bez po\u00adskyt\u00adnu\u00adtia nie\u00adkto\u00adr\u00fdch Osob\u00adn\u00fdch \u00fada\u00adjov v\u0161ak Hudba sveta \u017dilina ne\u00adm\u00f4\u017ee re\u00ada\u00adgo\u00adva\u0165 na V\u00e1\u0161 pod\u00adnet \u010di \u017eia\u00addos\u0165 alebo ne\u00adm\u00f4\u017ee s Vami uzat\u00advo\u00adri\u0165 zmluvu, ktor\u00e1 vznik\u00e1 re\u00adgis\u00adtr\u00e1\u00adciou u\u017e\u00ed\u00adva\u00adte\u013e\u00adsk\u00e9ho konta.<\/p>\n<p>Zod\u00adpo\u00adve\u00add\u00e1te za spr\u00e1v\u00adnos\u0165, \u00fapl\u00adnos\u0165 a prav\u00addi\u00advos\u0165 po\u00adskyt\u00adnu\u00adt\u00fdch Osob\u00adn\u00fdch \u00fada\u00adjov a Hudba sveta \u017dilina sa bude na spr\u00e1v\u00adnos\u0165, \u00fapl\u00adnos\u0165 a prav\u00addi\u00advos\u0165 t\u00fdchto Osob\u00adn\u00fdch \u00fada\u00adjov spo\u00adlie\u00adha\u0165. Hudba sveta \u017dilina ne\u00adzod\u00adpo\u00adved\u00e1 za \u017eiadne \u0161kody, ktor\u00e9 by V\u00e1m alebo akej\u00adko\u013e\u00advek tre\u00adtej osobe mohli vznik\u00adn\u00fa\u0165 v s\u00fa\u00advis\u00adlosti s uve\u00adde\u00adn\u00edm ne\u00adspr\u00e1v\u00adnych, ne\u00ad\u00fa\u00adpl\u00adn\u00fdch alebo ne\u00adprav\u00addi\u00adv\u00fdch Osob\u00adn\u00fdch \u00fada\u00adjov.<\/p>\n<p>Osobn\u00e9 \u00fadaje, ktor\u00e9 z\u00eds\u00adkame z V\u00e1\u0161ho po\u00adu\u00ad\u017e\u00ed\u00adva\u00adnia Por\u00adt\u00e1lu<br \/>\nHudba sveta \u017dilina m\u00f4\u017ee z\u00eds\u00adka\u00adva\u0165 aj \u00fadaje, ktor\u00e9 umo\u017e\u00ad\u0148uj\u00fa Va\u0161u iden\u00adti\u00adfi\u00adk\u00e1\u00adciu aj ne\u00adpriamo. Ide pre\u00addov\u00ad\u0161et\u00adk\u00fdm o na\u00adsle\u00addu\u00adj\u00face \u00fadaje:<\/p>\n<p>in\u00adfor\u00adm\u00e1\u00adcie a d\u00e1ta zo za\u00adria\u00adden\u00ed, ktor\u00e9 po\u00adu\u00ad\u017e\u00ed\u00advate na pr\u00ed\u00adstup na Por\u00adt\u00e1l, ktor\u00e9 m\u00f4\u017eu za\u00adh\u0155\u0148a\u0165 v\u0161e\u00adobecn\u00e9 in\u00adfor\u00adm\u00e1\u00adcie o Va\u00ad\u0161om za\u00adria\u00adden\u00ed;<br \/>\nd\u00e1ta lo\u00adgov, ktor\u00e9 pred\u00adsta\u00advuj\u00fa d\u00e1ta a in\u00adfor\u00adm\u00e1\u00adcie, ktor\u00e9 na\u0161e ser\u00advery au\u00adto\u00adma\u00adticky ukla\u00addaj\u00fa ke\u00addy\u00adko\u013e\u00advek pri\u00adstu\u00adpu\u00adjete k Por\u00adt\u00e1lu (najm\u00e4 IP ad\u00adresa, \u010das pr\u00ed\u00adstupu, \u00fadaje o har\u00addware a soft\u00adware, ktor\u00fd po\u00adu\u00ad\u017e\u00ed\u00advate, po\u00ad\u010det kli\u00adkov, str\u00e1nky, ktor\u00e9 uvi\u00add\u00edte alebo ich po\u00adra\u00addie a \u010das, ktor\u00fd na str\u00e1n\u00adkach str\u00e1\u00advite a in\u00e9);<br \/>\n\u00fadaje o Va\u00ad\u0161om po\u00adu\u00ad\u017e\u00ed\u00advan\u00ed Por\u00adt\u00e1lu;<br \/>\nin\u00adfor\u00adm\u00e1\u00adcie z\u00eds\u00adkan\u00e9 pro\u00adstred\u00adn\u00edc\u00adtvom s\u00fa\u00adbo\u00adrov co\u00adokies a in\u00fdch prog\u00adra\u00admov na mo\u00adni\u00adto\u00adro\u00adva\u00adnie u\u017e\u00ed\u00adva\u00adte\u00ad\u013eov, a to vr\u00e1\u00adtane co\u00adokies a mo\u00adni\u00adto\u00adro\u00adva\u00adc\u00edch prog\u00adra\u00admov na\u00ad\u0161ich par\u00adtne\u00adrov alebo pre\u00adv\u00e1dz\u00adko\u00adva\u00adte\u00ad\u013eov so\u00adci\u00e1l\u00adnych siet\u00ed;<br \/>\nin\u00adfor\u00adm\u00e1\u00adcie z\u00eds\u00adkan\u00e9 mo\u00adni\u00adto\u00adro\u00adva\u00adn\u00edm ak\u00adti\u00adv\u00edt u\u017e\u00ed\u00adva\u00adte\u00ad\u013eov po klik\u00adnut\u00ed re\u00adklam\u00adn\u00e9ho ban\u00adneru alebo od\u00adkazu a aj in\u00adfor\u00adm\u00e1\u00adcie o ak\u00adti\u00advi\u00adt\u00e1ch na str\u00e1n\u00adkach tre\u00adt\u00edch str\u00e1n (ako napr. vy\u00adh\u013ea\u00add\u00e1\u00adva\u00ad\u010doch a so\u00adci\u00e1l\u00adnych sie\u00ad\u0165ach);<br \/>\nin\u00adfor\u00adm\u00e1\u00adcie, ktor\u00e9 z\u00eds\u00adkame pro\u00adstred\u00adn\u00edc\u00adtvom so\u00adci\u00e1l\u00adnych plu\u00adgi\u00adnov pre\u00adv\u00e1dz\u00adko\u00adva\u00adn\u00fdch tre\u00adt\u00edmi stra\u00adnami, napr. Fa\u00adce\u00adbook \u201eP\u00e1\u010di sa mi\u201c (Like But\u00adton) a po\u00addobn\u00e9.<br \/>\nVy\u0161\u00ad\u0161ie uve\u00adden\u00e9 \u00fadaje ne\u00adumo\u017e\u00ad\u0148uj\u00fa samo o sebe iden\u00adti\u00adfi\u00adko\u00adva\u0165 kon\u00adkr\u00e9tnu \u017ei\u00adj\u00facu fy\u00adzick\u00fa osobu. Vy\u0161\u00ad\u0161ie uve\u00adden\u00e9 \u00fadaje sa st\u00e1\u00advaj\u00fa Osob\u00adn\u00fdmi \u00fadajmi v mo\u00admente kedy ich pri\u00adra\u00add\u00edme ku kon\u00adkr\u00e9t\u00adnej iden\u00adti\u00adfi\u00adko\u00adva\u00adnej alebo iden\u00adti\u00adfi\u00adko\u00adva\u00adte\u013e\u00adnej \u017ei\u00adj\u00fa\u00adcej fy\u00adzic\u00adkej osobe, napr. v pr\u00ed\u00adpade po\u00adu\u00ad\u017e\u00ed\u00adva\u00adnia Por\u00adt\u00e1lu s pri\u00adhl\u00e1\u00adse\u00adn\u00fdm u\u017e\u00ed\u00adva\u00adte\u013e\u00adsk\u00fdm kon\u00adtom.<\/p>\n<p>Osobn\u00e9 \u00fadaje, ktor\u00e9 z\u00eds\u00adkame od tre\u00adt\u00edch os\u00f4b<br \/>\nHudba sveta \u017dilina m\u00f4\u017ee z\u00eds\u00adka\u00adva\u0165 aj Osobn\u00e9 \u00fadaje od tre\u00adt\u00edch os\u00f4b a tieto Osobn\u00e9 \u00fadaje kom\u00adbi\u00adno\u00adva\u0165 s Osob\u00adn\u00fdmi \u00fadajmi, ktor\u00e9 Hudba sveta \u017dilina z\u00eds\u00adkal od V\u00e1s. Ide pre\u00addov\u00ad\u0161et\u00adk\u00fdm o na\u00adsle\u00addu\u00adj\u00face Osobn\u00e9 \u00fadaje:<\/p>\n<p>\u00fadaje od pre\u00adv\u00e1dz\u00adko\u00adva\u00adte\u00ad\u013eov so\u00adci\u00e1l\u00adnych siet\u00ed (Go\u00adogle, Fa\u00adce\u00adbook) ak ste sa roz\u00adhodli zria\u00addi\u0165 svoje u\u017e\u00ed\u00adva\u00adte\u013e\u00adsk\u00e9 konto pro\u00adstred\u00adn\u00edc\u00adtvom slu\u00ad\u017eieb t\u00fdchto tre\u00adt\u00edch str\u00e1n. V ta\u00adkom pr\u00ed\u00adpade V\u00e1s pre\u00adv\u00e1dz\u00adko\u00adva\u00adte\u013e so\u00adci\u00e1l\u00adnej siete (Go\u00adogle, Fa\u00adce\u00adbook) vy\u00adzve na od\u00ads\u00fa\u00adhla\u00adse\u00adnie po\u00adskyt\u00adnu\u00adtia Osob\u00adn\u00fdch \u00fada\u00adjov a na z\u00e1\u00adklade tohto s\u00fa\u00adhlasu tieto Osobn\u00e9 \u00fadaje pre\u00adv\u00e1dz\u00adko\u00adva\u00adte\u013e da\u00adnej so\u00adci\u00e1l\u00adnej siete (Go\u00adogle, Fa\u00adce\u00adbook) po\u00adskytne Hudba sveta \u017dilina.<br \/>\nAk\u00fdm sp\u00f4\u00adso\u00adbom Va\u0161e osobn\u00e9 \u00fadaje spra\u00adc\u00fa\u00advame?<br \/>\nHudba sveta \u017dilina ako Pre\u00adv\u00e1dz\u00adko\u00adva\u00adte\u013e spra\u00adc\u00fava Va\u0161e Osobn\u00e9 \u00fadaje v roz\u00adsahu a v s\u00fa\u00adlade s t\u00fd\u00admito Pod\u00admien\u00adkami ochrany s\u00fa\u00adkro\u00admia a za \u00fa\u010de\u00adlom uve\u00adde\u00adn\u00fdm ni\u017e\u00ad\u0161ie v t\u00fdchto Pod\u00admien\u00adkach ochrany s\u00fa\u00adkro\u00admia.<\/p>\n<p>Za\u00adsie\u00adla\u00adnie spr\u00e1v na \u00fa\u010dely pria\u00admeho mar\u00adke\u00adtingu (ne\u00adws\u00adlet\u00adter);<br \/>\nHudba sveta \u017dilina spra\u00adc\u00fava Va\u0161e Osobn\u00e9 \u00fadaje v roz\u00adsahu meno, priez\u00advisko, emai\u00adlov\u00e1 ad\u00adresa na \u00fa\u010dely za\u00adsie\u00adla\u00adnia spr\u00e1v pria\u00admeho mar\u00adke\u00adtingu (ne\u00adws\u00adlet\u00adter) na Va\u0161u emai\u00adlov\u00fa ad\u00adresu, aby sme V\u00e1s in\u00adfor\u00admo\u00advali o no\u00advin\u00adk\u00e1ch a ak\u00adtu\u00ad\u00e1l\u00adnych in\u00adfor\u00adm\u00e1\u00adci\u00e1ch o pro\u00adduk\u00adtoch a pro\u00adjek\u00adtoch Hudba sveta \u017dilina a to ak ste po\u00ad\u017eia\u00addali o za\u00adsie\u00adla\u00adnie spr\u00e1v pria\u00admeho mar\u00adke\u00adtingu (ne\u00adws\u00adlet\u00adter).<\/p>\n<p>M\u00e1me za to, \u017ee ke\u010f vy\u00adpl\u00ad\u0148u\u00adjete svoju emai\u00adlov\u00fa ad\u00adresu do for\u00admu\u00adl\u00e1ru na Por\u00adt\u00e1li pre za\u00adsie\u00adla\u00adnie spr\u00e1v pria\u00admeho mar\u00adke\u00adtingu (ne\u00adws\u00adlet\u00adter) vy\u00adjad\u00adru\u00adjete svoj s\u00fa\u00adhlas so za\u00adsie\u00adla\u00adn\u00edm spr\u00e1v pria\u00admeho mar\u00adke\u00adtingu (ne\u00adws\u00adlet\u00adter).<\/p>\n<p>Pr\u00e1v\u00adnym z\u00e1\u00adkla\u00addom pre spra\u00adc\u00fa\u00adva\u00adnie Osob\u00adn\u00fdch \u00fada\u00adjov je v tomto pr\u00ed\u00adpade n\u00e1\u0161 opr\u00e1v\u00adnen\u00fd z\u00e1\u00adu\u00adjem na re\u00ada\u00adli\u00adz\u00e1\u00adcii pria\u00admeho mar\u00adke\u00adtingu s cie\u00ad\u013eom po\u00adn\u00fa\u00adka\u0165 V\u00e1m in\u00adfor\u00adm\u00e1\u00adcie a pro\u00addukty, ktor\u00e9 pre V\u00e1s m\u00f4\u017eu by\u0165 re\u00adle\u00advantn\u00e9 a zau\u00adj\u00ed\u00admav\u00e9.<\/p>\n<p>Va\u0161e Osobn\u00e9 \u00fadaje bu\u00addeme na tento \u00fa\u010del spra\u00adc\u00fa\u00adva\u0165 po dobu k\u00fdm zru\u00ad\u0161\u00edte svoje u\u017e\u00ed\u00adva\u00adte\u013e\u00adsk\u00e9 konto alebo sa od\u00adhl\u00e1\u00adsite zo za\u00adsie\u00adla\u00adnia spr\u00e1v na \u00fa\u010dely pria\u00admeho mar\u00adke\u00adtingu (ne\u00adws\u00adlet\u00adter).<\/p>\n<p>Po\u00adsky\u00adto\u00adva\u00adnie, zlep\u00ad\u0161o\u00adva\u00adnie a opti\u00adma\u00adli\u00adz\u00e1\u00adcia pre\u00adv\u00e1dzky Por\u00adt\u00e1lu<br \/>\nHudba sveta \u017dilina spra\u00adc\u00fava Va\u0161e Osobn\u00e9 \u00fadaje vr\u00e1\u00adtane \u00fada\u00adjov z\u00eds\u00adka\u00adn\u00fdch z V\u00e1\u0161ho po\u00adu\u00ad\u017e\u00ed\u00adva\u00adnia Por\u00adt\u00e1lu \u0161pe\u00adci\u00adfi\u00adko\u00adva\u00adn\u00fdch vy\u0161\u00ad\u0161ie na \u00fa\u010dely po\u00adsky\u00adto\u00adva\u00adnia, zlep\u00ad\u0161o\u00adva\u00adnia a opti\u00adma\u00adli\u00adz\u00e1\u00adciu pre\u00adv\u00e1dzky Por\u00adt\u00e1lu, na zv\u00fd\u00ad\u0161e\u00adnie kom\u00adfortu pri ich po\u00adu\u00ad\u017e\u00ed\u00advan\u00ed, na za\u00adbez\u00adpe\u00ad\u010de\u00adnie tech\u00adnic\u00adkej pod\u00adpory Por\u00adt\u00e1lu, ana\u00adly\u00adtic\u00adk\u00e9ho a \u0161ta\u00adtis\u00adtic\u00adk\u00e9ho vy\u00adhod\u00adno\u00adte\u00adnia po\u00adu\u00ad\u017e\u00ed\u00adva\u00adnia Por\u00adt\u00e1lu a pro\u00adfi\u00adlo\u00adva\u00adnia, zis\u00adte\u00adnia a za\u00adbr\u00e1\u00adne\u00adnia zne\u00adu\u017e\u00ed\u00adva\u00adnia Por\u00adt\u00e1lu (vr\u00e1\u00adtane pre\u00adven\u00adcie pred<br \/>\npod\u00advodmi, bez\u00adpe\u010d\u00adnost\u00adn\u00fdmi in\u00adci\u00adden\u00adtami a in\u00fdmi po\u00addob\u00adn\u00fdmi ak\u00adti\u00advi\u00adtami), vy\u00adhod\u00adno\u00adte\u00adnia ri\u00adz\u00edk a pl\u00adne\u00adnia z\u00e1\u00adkon\u00adn\u00fdch po\u00advin\u00adnost\u00ed.<\/p>\n<p>Pr\u00e1v\u00adnym z\u00e1\u00adkla\u00addom pre spra\u00adc\u00fa\u00adva\u00adnie Osob\u00adn\u00fdch \u00fada\u00adjov je v tomto pr\u00ed\u00adpade n\u00e1\u0161 opr\u00e1v\u00adnen\u00fd z\u00e1\u00adu\u00adjem na zais\u00adten\u00ed riad\u00adnej pre\u00adv\u00e1dzky Por\u00adt\u00e1lu a opti\u00adma\u00adli\u00adz\u00e1\u00adci\u00ed jeho fun\u00adkci\u00adona\u00adl\u00edt.<\/p>\n<p>Va\u0161e Osobn\u00e9 \u00fadaje bud\u00fa spra\u00adc\u00fa\u00advan\u00e9 po dobu exis\u00adten\u00adcie V\u00e1\u0161ho u\u017e\u00ed\u00adva\u00adte\u013e\u00adsk\u00e9ho konta a po dobu 3 ro\u00adkov od z\u00e1\u00adniku V\u00e1\u0161ho u\u017e\u00ed\u00adva\u00adte\u013e\u00adsk\u00e9ho konta z d\u00f4\u00advodu ob\u00adrany proti Va\u00ad\u0161im n\u00e1\u00adro\u00adkom.<\/p>\n<p>Ta\u00adk\u00e9\u00admuto spra\u00adc\u00fa\u00adva\u00adniu m\u00f4\u00ad\u017eete za\u00adbr\u00e1\u00adni\u0165 za\u00adk\u00e1\u00adza\u00adn\u00edm po\u00adu\u00ad\u017e\u00ed\u00adva\u00adnia alebo ukla\u00adda\u00adnia s\u00fa\u00adbo\u00adrov co\u00adokies na Va\u00ad\u0161om za\u00adria\u00adden\u00ed t\u00fdm, \u017ee zme\u00adn\u00edte na\u00adsta\u00adve\u00adnie V\u00e1\u0161ho pre\u00adhlia\u00adda\u010da. Nie\u00adktor\u00e9 fun\u00adkcie Por\u00adt\u00e1lu v\u0161ak po\u00adtom ne\u00admu\u00adsia fun\u00adgo\u00adva\u0165 spr\u00e1vne.<\/p>\n<p>M\u00f4\u00ad\u017eete tie\u017e od\u00adstr\u00e1\u00adni\u0165 s\u00fa\u00adbory co\u00adokies, ktor\u00e9 sa ulo\u00ad\u017eili na Va\u00ad\u0161om za\u00adria\u00adden\u00ed. M\u00f4\u00ad\u017eete tie\u017e zvo\u00adli\u0165 pre\u00adhlia\u00adda\u00adnie n\u00e1\u0161ho Por\u00adt\u00e1lu v \u201epri\u00adv\u00e1t\u00adnom re\u00ad\u017eime\u201c, ktor\u00fd ob\u00adme\u00addz\u00ed roz\u00adsah \u00fada\u00adjov ukla\u00adda\u00adn\u00fdch s\u00fa\u00adbormi co\u00adokies.<\/p>\n<p>Od\u00adpo\u00adve\u00adda\u00adnie na ot\u00e1zky, \u017eia\u00addosti, do\u00adtazy<br \/>\nHudba sveta \u017dilina spra\u00adc\u00fava Va\u0161e Osobn\u00e9 \u00fadaje v roz\u00adsahu meno, priez\u00advisko, emai\u00adlov\u00e1 ad\u00adresa, te\u00adle\u00adf\u00f3nne \u010d\u00edslo a pr\u00ed\u00adpadne v\u0161etky \u010fal\u00ad\u0161ie \u00fadaje, ktor\u00e9 sa n\u00e1m roz\u00adhod\u00adnete ozn\u00e1\u00admi\u0165 pro\u00adstred\u00adn\u00edc\u00adtvom for\u00admu\u00adl\u00e1ra na ot\u00e1zky alebo pro\u00adstred\u00adn\u00edc\u00adtvom emailu na \u00fa\u010dely kon\u00adtak\u00adto\u00adva\u00adnia V\u00e1s ako aj na \u00fa\u010dely vy\u00adba\u00adve\u00adnia Va\u00ad\u0161ej ot\u00e1zky, \u017eia\u00addosti alebo do\u00adtazu pr\u00ed\u00adpadne aby sme vy\u00adko\u00adnali in\u00e9 \u010din\u00adnosti v s\u00fa\u00advis\u00adlosti s Va\u00ad\u0161ou ot\u00e1z\u00adkou, \u017eia\u00addos\u00ad\u0165ou alebo do\u00adta\u00adzom.<\/p>\n<p>Pr\u00e1v\u00adnym z\u00e1\u00adkla\u00addom pre spra\u00adc\u00fa\u00adva\u00adnie Osob\u00adn\u00fdch \u00fada\u00adjov je v tomto pr\u00ed\u00adpade n\u00e1\u0161 opr\u00e1v\u00adnen\u00fd z\u00e1\u00adu\u00adjem na zais\u00adten\u00ed riad\u00adnych slu\u00ad\u017eieb spo\u00adlo\u010d\u00adnosti Hudba sveta \u017dilina a po\u00adsky\u00adto\u00adva\u00adnia kli\u00adent\u00adskej pod\u00adpory.<\/p>\n<p>Va\u0161e Osobn\u00e9 \u00fadaje bud\u00fa spra\u00adc\u00fa\u00advan\u00e9 po dobu, ktor\u00e1 je nutn\u00e1 na zod\u00adpo\u00adve\u00adda\u00adnie Va\u00ad\u0161ej ot\u00e1zky, \u017eia\u00addosti alebo do\u00adtazu alebo po\u00adkia\u013e bud\u00fa uro\u00adben\u00e9 in\u00e9 opat\u00adre\u00adnia v s\u00fa\u00advis\u00adlosti s Va\u00ad\u0161ou ot\u00e1z\u00adkou, \u017eia\u00addos\u00ad\u0165ou alebo do\u00adta\u00adzom, av\u00ad\u0161ak nie dl\u00adh\u00ad\u0161ie ako na 1 rok.<\/p>\n<p>Vy\u00adba\u00advo\u00adva\u00adnie \u017eia\u00addost\u00ed v s\u00fa\u00advis\u00adlosti s uplat\u00ad\u0148o\u00adva\u00adn\u00edm pr\u00e1v dot\u00adknu\u00adt\u00fdch os\u00f4b pod\u013ea GDPR<br \/>\nHudba sveta \u017dilina spra\u00adc\u00fava Va\u0161e Osobn\u00e9 \u00fadaje v roz\u00adsahu meno, priez\u00advisko, emai\u00adlov\u00e1 ad\u00adresa, te\u00adle\u00adf\u00f3nne \u010d\u00edslo a pr\u00ed\u00adpadne v\u0161etky \u010fal\u00ad\u0161ie \u00fadaje, ktor\u00e9 sa n\u00e1m roz\u00adhod\u00adnete ozn\u00e1\u00admi\u0165 pro\u00adstred\u00adn\u00edc\u00adtvom for\u00admu\u00adl\u00e1ra na ot\u00e1zky alebo pro\u00adstred\u00adn\u00edc\u00adtvom emailu na \u00fa\u010dely pre\u00adsk\u00fa\u00adma\u00adnia, po\u00ads\u00fa\u00adde\u00adnia, vy\u00adko\u00adna\u00adnia \u010din\u00adnost\u00ed, vy\u00adba\u00adve\u00adnia a in\u00adfor\u00admo\u00adva\u00adnia V\u00e1s o vy\u00adba\u00adven\u00ed Va\u00ad\u0161ej \u017eia\u00addosti t\u00fd\u00adka\u00adj\u00fa\u00adcej sa uplat\u00adne\u00adnia nie\u00adkto\u00adr\u00fdch z pr\u00e1v pod\u013ea \u010dl\u00e1n\u00adkov 16 a\u017e 22 GDPR.<\/p>\n<p>Pr\u00e1v\u00adnym z\u00e1\u00adkla\u00addom pre spra\u00adc\u00fa\u00adva\u00adnie Osob\u00adn\u00fdch \u00fada\u00adjov je v tomto pr\u00ed\u00adpade pl\u00adne\u00adnie na\u00ad\u0161ej z\u00e1\u00adkon\u00adnej po\u00advin\u00adnosti.<\/p>\n<p>Va\u0161e Osobn\u00e9 \u00fadaje bud\u00fa v tomto pr\u00ed\u00adpade spra\u00adc\u00fa\u00advan\u00e9 a ucho\u00adv\u00e1\u00advan\u00e9 po dobu 20 ro\u00adkov odo d\u0148a do\u00adru\u00ad\u010de\u00adnia \u017eia\u00addosti.<\/p>\n<p>Komu spr\u00ed\u00adstup\u00ad\u0148u\u00adjeme Va\u0161e Osobn\u00e9 \u00fadaje?<br \/>\nHudba sveta \u017dilina spr\u00ed\u00adstup\u00ad\u0148uje Va\u0161e Osobn\u00e9 \u00fadaje v na\u00adsle\u00addov\u00adn\u00fdch pr\u00ed\u00adpa\u00addoch:<\/p>\n<p>ak tak\u00e1 po\u00advin\u00adnos\u0165 Hudba sveta \u017dilina vy\u00adpl\u00fdva z plat\u00adn\u00fdch pr\u00e1v\u00adnych pred\u00adpi\u00adsov, najm\u00e4 na \u017eia\u00addos\u0165 or\u00adg\u00e1\u00adnov \u010din\u00adn\u00fdch v trest\u00adnom ko\u00adnan\u00ed, s\u00fa\u00addov, in\u00fdch or\u00adg\u00e1\u00adnov ve\u00adrej\u00adnej moci alebo in\u00fdch opr\u00e1v\u00adne\u00adn\u00fdch os\u00f4b;<br \/>\nak je to ne\u00advy\u00adhnutn\u00e9 na pl\u00adne\u00adnie na\u00ad\u0161ich po\u00advin\u00adnost\u00ed a pri za\u00adbez\u00adpe\u00ad\u010den\u00ed na\u00ad\u0161ich opr\u00e1v\u00adne\u00adn\u00fdch z\u00e1\u00aduj\u00admov najm\u00e4 na\u00ad\u0161im ad\u00advo\u00adk\u00e1\u00adtom, po\u00adrad\u00adcom, au\u00add\u00ed\u00adto\u00adrom, po\u00adsky\u00adto\u00adva\u00adte\u00ad\u013eom IT slu\u00ad\u017eieb, mar\u00adke\u00adtin\u00adgo\u00adv\u00fdm a re\u00adklam\u00adn\u00fdm agen\u00adt\u00fa\u00adram a pod..<br \/>\nS oso\u00adbami, ktor\u00e9 maj\u00fa po\u00adsta\u00adve\u00adnie Spro\u00adstred\u00adko\u00adva\u00adte\u013ea uzat\u00adv\u00e1\u00adrame v s\u00fa\u00adlade s GDPR zmluvy o spra\u00adc\u00fa\u00advan\u00ed osob\u00adn\u00fdch \u00fada\u00adjov a Spro\u00adstred\u00adko\u00adva\u00adte\u00adlia spra\u00adc\u00fa\u00advaj\u00fa Osobn\u00e9 \u00fadaje v\u017edy na z\u00e1\u00adklade po\u00adky\u00adnov a v mene Hudba sveta \u017dilina. V\u0161etci na\u0161i Spro\u00adstred\u00adko\u00adva\u00adte\u00adlia spra\u00adc\u00fa\u00advaj\u00fa Osobn\u00e9 \u00fadaje v s\u00fa\u00adlade s t\u00fd\u00admito Pod\u00admien\u00adkami ochrany s\u00fa\u00adkro\u00admia.<\/p>\n<p>Va\u0161e pr\u00e1va v s\u00fa\u00advis\u00adlosti s ochra\u00adnou Osob\u00adn\u00fdch \u00fada\u00adjov?<br \/>\nAko dot\u00adknut\u00e1 osoba m\u00e1te vo vz\u0165ahu k spra\u00adc\u00fa\u00adva\u00adn\u00fdm Osob\u00adn\u00fdm \u00fada\u00adjom na\u00adsle\u00addovn\u00e9 pr\u00e1va.<\/p>\n<p>Pr\u00e1vo na pr\u00ed\u00adstup k \u00fada\u00adjom<br \/>\nM\u00e1te pr\u00e1vo po\u00ad\u017ea\u00addo\u00adva\u0165 od Hudba sveta \u017dilina po\u00adtvr\u00adde\u00adnie o tom, \u010di sa Va\u0161e Osobn\u00e9 \u00fadaje spra\u00adc\u00fa\u00advaj\u00fa a \u017eia\u00adda\u0165 o spr\u00ed\u00adstup\u00adne\u00adnie t\u00fdchto Osob\u00adn\u00fdch \u00fada\u00adjov (opa\u00adko\u00advan\u00e9 spr\u00ed\u00adstup\u00adne\u00adnie Osob\u00adn\u00fdch \u00fada\u00adjov m\u00f4\u017ee Hudba sveta \u017dilina spo\u00adplat\u00adni\u0165) a in\u00adfor\u00adm\u00e1\u00adciu o<\/p>\n<p>\u00fa\u010dele spra\u00adc\u00fa\u00adva\u00adnia Osob\u00adn\u00fdch \u00fada\u00adjov;<br \/>\nka\u00adte\u00adg\u00f3\u00adrii spra\u00adc\u00fa\u00adva\u00adn\u00fdch Osob\u00adn\u00fdch \u00fada\u00adjov;<br \/>\niden\u00adti\u00adfi\u00adk\u00e1\u00adcii pr\u00ed\u00adjemcu alebo o ka\u00adte\u00adg\u00f3\u00adrii pr\u00ed\u00adjemcu, kto\u00adr\u00e9mu boli alebo maj\u00fa by\u0165 Osobn\u00e9 \u00fadaje po\u00adskyt\u00adnut\u00e9, najm\u00e4 o pr\u00ed\u00adjem\u00adcovi v tre\u00adtej kra\u00adjine alebo o me\u00addzi\u00adn\u00e1\u00adrod\u00adnej or\u00adga\u00adni\u00adz\u00e1\u00adcii, ak je to mo\u017en\u00e9;<br \/>\ndobe ucho\u00adv\u00e1\u00adva\u00adnia Osob\u00adn\u00fdch \u00fada\u00adjov; ak to nie je mo\u017en\u00e9, in\u00adfor\u00adm\u00e1\u00adciu o kri\u00adt\u00e9\u00adri\u00e1ch jej ur\u00ad\u010de\u00adnia;<br \/>\npr\u00e1ve po\u00ad\u017ea\u00addo\u00adva\u0165 od Hudba sveta \u017dilina opravu Osob\u00adn\u00fdch \u00fada\u00adjov t\u00fd\u00adka\u00adj\u00fa\u00adcich sa dot\u00adknu\u00adtej osoby, ich vy\u00adma\u00adza\u00adnie alebo ob\u00adme\u00addze\u00adnie ich spra\u00adc\u00fa\u00adva\u00adnia, alebo o pr\u00e1ve na\u00admie\u00adta\u0165 spra\u00adc\u00fa\u00adva\u00adnie Osob\u00adn\u00fdch \u00fada\u00adjov;<br \/>\npr\u00e1ve po\u00adda\u0165 n\u00e1\u00advrh na za\u00ad\u010da\u00adtie ko\u00adna\u00adnia o ochrane Osob\u00adn\u00fdch \u00fada\u00adjov;<br \/>\nzdroji Osob\u00adn\u00fdch \u00fada\u00adjov, ak sa Osobn\u00e9 \u00fadaje ne\u00adz\u00eds\u00adkali od V\u00e1s;<br \/>\nexis\u00adten\u00adcii au\u00adto\u00adma\u00adti\u00adzo\u00adva\u00adn\u00e9ho in\u00addi\u00advi\u00addu\u00ad\u00e1l\u00adneho roz\u00adho\u00addo\u00adva\u00adnia vr\u00e1\u00adtane pro\u00adfi\u00adlo\u00adva\u00adnia najm\u00e4 in\u00adfor\u00adm\u00e1\u00adcie o po\u00adu\u00ad\u017ei\u00adtom po\u00adstupe, ako aj o v\u00fd\u00adzname a pred\u00adpo\u00adkla\u00adda\u00adn\u00fdch d\u00f4\u00adsled\u00adkoch ta\u00adk\u00e9ho spra\u00adc\u00fa\u00adva\u00adnia Osob\u00adn\u00fdch \u00fada\u00adjov pre dot\u00adknut\u00fa osobu.<br \/>\nPr\u00e1vo na opravu<br \/>\nM\u00e1te pr\u00e1vo po\u00ad\u017ea\u00addo\u00adva\u0165 od Hudba sveta \u017dilina aby bez zby\u00adto\u010d\u00adn\u00e9ho od\u00adkladu opra\u00advil ne\u00adspr\u00e1vne Osobn\u00e9 \u00fadaje, ktor\u00e9 sa V\u00e1s t\u00fd\u00adkaj\u00fa a so zre\u00adte\u00ad\u013eom na \u00fa\u010del spra\u00adc\u00fa\u00adva\u00adnia Osob\u00adn\u00fdch \u00fada\u00adjov aj pr\u00e1vo na do\u00adpl\u00adne\u00adnie Va\u00ad\u0161ich ne\u00ad\u00fa\u00adpl\u00adn\u00fdch Osob\u00adn\u00fdch \u00fada\u00adjov.<\/p>\n<p>Pr\u00e1vo na vy\u00adma\u00adza\u00adnie<br \/>\nM\u00e1te pr\u00e1vo po\u00ad\u017ea\u00addo\u00adva\u0165 od Hudba sveta \u017dilina aby bez zby\u00adto\u010d\u00adn\u00e9ho od\u00adkladu vy\u00adma\u00adzal Osobn\u00e9 \u00fadaje, ktor\u00e9 sa V\u00e1s t\u00fd\u00adkaj\u00fa ak:<\/p>\n<p>u\u017e nie s\u00fa po\u00adtrebn\u00e9 na \u00fa\u010del, na ktor\u00fd sa z\u00eds\u00adkali alebo inak spra\u00adc\u00fa\u00advali;<br \/>\nste od\u00advo\u00adlali svoj s\u00fa\u00adhlas s ich spra\u00adc\u00fa\u00adva\u00adn\u00edm a ak ne\u00adexis\u00adtuje in\u00fd pr\u00e1vny z\u00e1\u00adklad pre ich spra\u00adc\u00fa\u00adva\u00adnie;<br \/>\nna\u00admie\u00adtate ich spra\u00adc\u00fa\u00adva\u00adnie;<br \/>\nsa Va\u0161e Osobn\u00e9 \u00fadaje z\u00eds\u00adkali ne\u00adz\u00e1\u00adkonne,<br \/>\nje d\u00f4\u00advod pre v\u00fd\u00admaz spl\u00adne\u00adnie po\u00advin\u00adnosti pod\u013ea GDPR, oso\u00adbit\u00adn\u00e9ho pred\u00adpisu alebo me\u00addzi\u00adn\u00e1\u00adrod\u00adnej zmluvy, kto\u00adrou je Slo\u00adven\u00adsk\u00e1 re\u00adpub\u00adlika via\u00adzan\u00e1; alebo<br \/>\nboli Osobn\u00e9 \u00fadaje z\u00eds\u00adkane v s\u00fa\u00advis\u00adlosti s po\u00adnu\u00adkou slu\u00ad\u017eieb in\u00adfor\u00adma\u010d\u00adnej spo\u00adlo\u010d\u00adnosti od Hudba sveta \u017dilina pod\u013ea \u010dl. 8 ods. 1 GDPR (po\u00adnuka slu\u00ad\u017eieb in\u00adfor\u00adma\u010d\u00adnej spo\u00adlo\u010d\u00adnosti die\u00ad\u0165a\u0165u).<br \/>\nPr\u00e1vo na ob\u00adme\u00addze\u00adnie spra\u00adc\u00fa\u00adva\u00adnia<br \/>\nM\u00e1te pr\u00e1vo po\u00ad\u017ea\u00addo\u00adva\u0165 od Hudba sveta \u017dilina aby ob\u00adme\u00addzila spra\u00adc\u00fa\u00adva\u00adnie Va\u00ad\u0161ich Osob\u00adn\u00fdch \u00fada\u00adjov ak:<\/p>\n<p>na\u00admie\u00adtate spr\u00e1v\u00adnos\u0165 Osob\u00adn\u00fdch \u00fada\u00adjov, a to po\u00ad\u010das ob\u00addo\u00adbia umo\u017e\u00ad\u0148u\u00adj\u00fa\u00adceho Hudba sveta \u017dilina ove\u00adri\u0165 spr\u00e1v\u00adnos\u0165 Osob\u00adn\u00fdch \u00fada\u00adjov;<br \/>\nspra\u00adc\u00fa\u00adva\u00adnie Osob\u00adn\u00fdch \u00fada\u00adjov je ne\u00adz\u00e1\u00adkonn\u00e9 a na\u00admie\u00adtate vy\u00adma\u00adza\u00adnie Osob\u00adn\u00fdch \u00fada\u00adjov a \u017eia\u00addate na\u00admiesto toho ob\u00adme\u00addze\u00adnie ich po\u00adu\u00ad\u017ei\u00adtia;<br \/>\nHudba sveta \u017dilina u\u017e ne\u00adpot\u00adre\u00adbuje Osobn\u00e9 \u00fadaje na \u00fa\u010del spra\u00adc\u00fa\u00adva\u00adnia Osob\u00adn\u00fdch \u00fada\u00adjov, ale po\u00adtre\u00adbu\u00adjete ich Vy na uplat\u00adne\u00adnie alebo ob\u00adha\u00adjo\u00adva\u00adnie pr\u00e1v\u00adnych n\u00e1\u00adro\u00adkov;<br \/>\nste na\u00admie\u00adtali vo\u010di spra\u00adc\u00fa\u00adva\u00adniu Va\u00ad\u0161ich Osob\u00adn\u00fdch \u00fada\u00adjov a\u017e do doby k\u00fdm Hudba sveta \u017dilina over\u00ed, \u010di opr\u00e1v\u00adnen\u00e9 d\u00f4\u00advody na jeho strane pre\u00adva\u00ad\u017euj\u00fa nad Va\u00ad\u0161imi opr\u00e1v\u00adne\u00adn\u00fdmi d\u00f4\u00advodmi.<br \/>\nPr\u00e1vo na pre\u00adnos\u00adnos\u0165 Osob\u00adn\u00fdch \u00fada\u00adjov<br \/>\nM\u00e1te pr\u00e1vo po\u00ad\u017ea\u00addo\u00adva\u0165 od Hudba sveta \u017dilina aby V\u00e1m po\u00adskytla Osobn\u00e9 \u00fadaje, ktor\u00e9 sa V\u00e1s t\u00fd\u00adkaj\u00fa v \u0161truk\u00adt\u00fa\u00adro\u00adva\u00adnom, be\u017ene po\u00adu\u00ad\u017e\u00ed\u00adva\u00adnom a stro\u00adjovo \u010di\u00adta\u00adte\u013e\u00adnom for\u00adm\u00e1te a pr\u00e1vo po\u00ad\u017ea\u00addo\u00adva\u0165 aby Hudba sveta \u017dilina pre\u00adnieslo tieto Osobn\u00e9 \u00fadaje in\u00e9mu pre\u00adv\u00e1dz\u00adko\u00adva\u00adte\u00ad\u013eovi ale len v pr\u00ed\u00adpade, \u017ee pr\u00e1v\u00adnym z\u00e1\u00adkla\u00addom pre ich spra\u00adc\u00fa\u00adva\u00adnie je V\u00e1\u0161 s\u00fa\u00adhlas alebo pl\u00adne\u00adnie zmluvy a z\u00e1\u00adro\u00adve\u0148 spra\u00adc\u00fa\u00adva\u00adnie sa vy\u00adko\u00adn\u00e1va au\u00adto\u00adma\u00adti\u00adzo\u00adva\u00adn\u00fdmi pros\u00adtried\u00adkami.<\/p>\n<p>Pr\u00e1vo na\u00admie\u00adta\u0165<br \/>\nM\u00e1te pr\u00e1vo na\u00admie\u00adta\u0165 z d\u00f4\u00advo\u00addov t\u00fd\u00adka\u00adj\u00fa\u00adcich sa Va\u00ad\u0161ej kon\u00adkr\u00e9t\u00adnej si\u00adtu\u00ad\u00e1cie spra\u00adc\u00fa\u00adva\u00adnie Va\u00ad\u0161ich Osob\u00adn\u00fdch \u00fada\u00adjov vr\u00e1\u00adtane pro\u00adfi\u00adlo\u00adva\u00adnia, ktor\u00e9 je vy\u00adko\u00adn\u00e1\u00advan\u00e9 na pr\u00e1v\u00adnom z\u00e1\u00adklade, kto\u00adr\u00fdm je n\u00e1\u0161 opr\u00e1v\u00adnen\u00fd z\u00e1\u00adu\u00adjem. Na z\u00e1\u00adklade Va\u00ad\u0161ej n\u00e1\u00admietky vy\u00adhod\u00adno\u00adt\u00edme, \u010di s oh\u013ea\u00addom na Va\u0161u kon\u00adkr\u00e9tnu si\u00adtu\u00ad\u00e1ciu, pre\u00adva\u00ad\u017euje ochrana V\u00e1\u0161ho opr\u00e1v\u00adne\u00adn\u00e9ho z\u00e1\u00adujmu, Va\u00ad\u0161ich pr\u00e1v a slo\u00adb\u00f4d nad na\u00ad\u0161imi opr\u00e1v\u00adne\u00adn\u00fdmi z\u00e1\u00aduj\u00admami, ktor\u00e9 sle\u00addu\u00adjeme spra\u00adc\u00fa\u00adva\u00adn\u00edm Va\u00ad\u0161ich Osob\u00adn\u00fdch \u00fada\u00adjov<br \/>\nalebo ak opr\u00e1v\u00adne\u00adn\u00fdm d\u00f4\u00advo\u00addom je pre\u00aduka\u00adzo\u00adva\u00adnie, uplat\u00ad\u0148o\u00adva\u00adnie alebo ob\u00adha\u00adjo\u00adva\u00adnie na\u00ad\u0161ich pr\u00e1v\u00adnych n\u00e1\u00adro\u00adkov.<\/p>\n<p>M\u00e1te pr\u00e1vo na\u00admie\u00adta\u0165 spra\u00adc\u00fa\u00adva\u00adnie Osob\u00adn\u00fdch \u00fada\u00adjov na \u00fa\u010dely pria\u00admeho mar\u00adke\u00adtingu.<\/p>\n<p>M\u00e1te pr\u00e1vo od\u00advo\u00adla\u0165 ke\u00addy\u00adko\u013e\u00advek s\u00fa\u00adhlas so spra\u00adc\u00fa\u00adva\u00adn\u00edm Osob\u00adn\u00fdch \u00fada\u00adjov. Od\u00advo\u00adla\u00adnie s\u00fa\u00adhlasu nem\u00e1 vplyv na z\u00e1\u00adkon\u00adnos\u0165 spra\u00adc\u00fa\u00adva\u00adnia Osob\u00adn\u00fdch \u00fada\u00adjov vy\u00adko\u00adn\u00e1\u00adva\u00adn\u00e9ho na jeho z\u00e1\u00adklade pred jeho od\u00advo\u00adla\u00adn\u00edm. Od\u00advo\u00adla\u00adnie s\u00fa\u00adhlasu sa ne\u00adt\u00fdka spra\u00adc\u00fa\u00adva\u00adnia Osob\u00adn\u00fdch \u00fada\u00adjov vy\u00adko\u00adn\u00e1\u00adva\u00adn\u00fdch Hudba sveta \u017dilina na inom pr\u00e1v\u00adnom z\u00e1\u00adklade ako na z\u00e1\u00adklade V\u00e1\u0161ho s\u00fa\u00adhlasu.<\/p>\n<p>Pr\u00e1va ini\u00adci\u00adova\u0165 ko\u00adna\u00adnie o ochrane Osob\u00adn\u00fdch \u00fada\u00adjov<br \/>\nM\u00e1te pr\u00e1vo ini\u00adci\u00adova\u0165 ko\u00adna\u00adnie o ochrane osob\u00adn\u00fdch \u00fada\u00adjov pred \u00dara\u00addom na ochranu osob\u00adn\u00fdch \u00fada\u00adjov Slo\u00adven\u00adskej re\u00adpub\u00adliky alebo in\u00fdm do\u00adzor\u00adn\u00fdm or\u00adg\u00e1\u00adnom v mieste byd\u00adliska.<\/p>\n<p>Bez\u00adpe\u010d\u00adnos\u0165<br \/>\nV\u0161etky Osobn\u00e9 \u00fadaje, ktor\u00e9 zhro\u00adma\u017e\u00ad\u010fu\u00adjeme a spra\u00adc\u00fa\u00advame, s\u00fa chr\u00e1\u00adnen\u00e9 pri\u00adme\u00adra\u00adn\u00fdmi tech\u00adnic\u00adk\u00fdmi pros\u00adtried\u00adkami a bez\u00adpe\u010d\u00adnost\u00adn\u00fdmi opat\u00adre\u00adniami, aby ne\u00addo\u0161lo k ne\u00ado\u00adpr\u00e1v\u00adne\u00adn\u00e9mu pr\u00ed\u00adstupu alebo zne\u00adu\u017ei\u00adtiu t\u00fdchto Osob\u00adn\u00fdch \u00fada\u00adjov. Ne\u00adus\u00adt\u00e1le zlep\u00ad\u0161u\u00adjeme a im\u00adple\u00admen\u00adtu\u00adjeme nov\u00e9 ad\u00admi\u00adni\u00adstra\u00adt\u00edvne, tech\u00adnick\u00e9 a or\u00adga\u00adni\u00adza\u010dn\u00e9 opat\u00adre\u00adnia na za\u00adbez\u00adpe\u00ad\u010de\u00adnie pri\u00adme\u00adra\u00adnej bez\u00adpe\u010d\u00adnosti Osob\u00adn\u00fdch \u00fada\u00adjov.<br \/>\nBez oh\u013eadu na v\u0161etky na\u0161e opat\u00adre\u00adnia je po\u00adtrebn\u00e9 ma\u0165 na pa\u00adm\u00e4ti, \u017ee pre\u00adnos d\u00e1t cez ve\u00adrejn\u00fa sie\u0165 in\u00adter\u00adnetu ani ak\u00e9\u00adko\u013e\u00advek ukla\u00adda\u00adnie elek\u00adtro\u00adnic\u00adk\u00fdch d\u00e1t ne\u00adm\u00f4\u017ee by\u0165 100% bez\u00adpe\u010dn\u00e9.<br \/>\n\u010casti Por\u00adt\u00e1lu m\u00f4\u017eu ob\u00adsa\u00adho\u00adva\u0165 od\u00adkazy na we\u00adbov\u00e9 str\u00e1nky a slu\u017eby tre\u00adt\u00edch str\u00e1n, ktor\u00e9 nie s\u00fa vlast\u00adnen\u00e9 alebo pre\u00adv\u00e1dz\u00adko\u00advan\u00e9 Hudba sveta \u017dilina. Hudba sveta \u017dilina nem\u00e1 \u017eiadnu kon\u00adtrolu na t\u00fd\u00admito we\u00adbo\u00adv\u00fdmi str\u00e1n\u00adkami a slu\u017e\u00adbami. Tieto we\u00adbov\u00e9 str\u00e1nky m\u00f4\u017eu po\u00adu\u00ad\u017e\u00ed\u00adva\u0165 vlastn\u00e9 n\u00e1\u00adstroje na z\u00eds\u00adka\u00adva\u00adnie in\u00adfor\u00adm\u00e1\u00adci\u00ed a \u00fada\u00adjov o V\u00e1s vr\u00e1\u00adtane Va\u00ad\u0161ich Osob\u00adn\u00fdch \u00fada\u00adjov.<br \/>\nZmeny Pod\u00admie\u00adnok<br \/>\nSme opr\u00e1v\u00adnen\u00ed tieto Pod\u00admienky ochrany s\u00fa\u00adkro\u00admia ke\u00addy\u00adko\u013e\u00advek me\u00adni\u0165 alebo upra\u00advo\u00adva\u0165.<br \/>\nAk uro\u00adb\u00edme ak\u00e9\u00adko\u013e\u00advek zmeny v t\u00fdchto Pod\u00admien\u00adkach ochrany s\u00fa\u00adkro\u00admia, umiest\u00adnime nov\u00e9 Pod\u00admienky ochrany s\u00fa\u00adkro\u00admia na Por\u00adt\u00e1li a pod\u013ea po\u00adtreby V\u00e1s o zmene Pod\u00admie\u00adnok ochrany s\u00fa\u00adkro\u00admia bu\u00addeme in\u00adfor\u00admo\u00adva\u0165 aj pro\u00adstred\u00adn\u00edc\u00adtvom emailu.<br \/>\nTakto zme\u00adnen\u00e9 Pod\u00admienky ochrany s\u00fa\u00adkro\u00admia bud\u00fa platn\u00e9 a \u00fa\u010dinn\u00e9 od mo\u00admentu, ktor\u00fd ur\u00ad\u010d\u00edme ako de\u0148 ich plat\u00adnosti a \u00fa\u010din\u00adnosti a po\u00adu\u00ad\u017e\u00ed\u00adva\u00adn\u00edm Por\u00adt\u00e1lu (ka\u017e\u00addou n\u00e1v\u00ad\u0161te\u00advou str\u00e1nky) vy\u00adjad\u00adru\u00adjete s\u00fa\u00adhlas s t\u00fd\u00admito no\u00adv\u00fdmi Pod\u00admien\u00adkami ochrany s\u00fa\u00adkro\u00admia.<\/p>\n","protected":false},"excerpt":{"rendered":"<p>Tieto pod\u00admienky ochrany s\u00fa\u00adkro\u00admia s\u00fa platn\u00e9 od 24.5.2018. Z\u00e1\u00adle\u017e\u00ed n\u00e1m na ochrane V\u00e1\u0161ho s\u00fa\u00adkro\u00admia. Preto si pro\u00ads\u00edm po\u00adzorne pre\u00ad\u010d\u00ed\u00adtajte tieto pod\u00admienky ochrany s\u00fa\u00adkro\u00admia (\u010fa\u00adlej len \u201ePod\u00admienky ochrany s\u00fa\u00adkro\u00admia\u201c). Tieto Pod\u00admienky ochrany s\u00fa\u00adkro\u00admia pod\u00adrobne po\u00adpi\u00adsuj\u00fa ako z\u00eds\u00adka\u00advame, po\u00adu\u00ad\u017e\u00ed\u00advame, ucho\u00adv\u00e1\u00advame a pr\u00ed\u00adpadne zve\u00adrej\u00ad\u0148u\u00adjeme Va\u0161e osobn\u00e9 \u00fadaje pri jed\u00adnot\u00adli\u00adv\u00fdch \u010din\u00adnos\u00adtiach vy\u00adko\u00adn\u00e1\u00adva\u00adn\u00fdch spo\u00adlo\u010d\u00adnos\u00ad\u0165ou Hudba sveta \u017dilina. V pr\u00ed\u00adpade ak\u00fdch\u00adko\u013e\u00advek&#8230;<\/p>\n","protected":false},"author":1,"featured_media":0,"parent":0,"menu_order":16,"comment_status":"closed","ping_status":"open","template":"fullwidth.php","meta":[],"yoast_head":"<!-- This site is optimized with the Yoast SEO plugin v15.1.1 - https:\/\/yoast.com\/wordpress\/plugins\/seo\/ -->\n<title>Ochrana osobn\u00fdch \u00fadajov - Hudba sveta \u017dilina<\/title>\n<meta name=\"robots\" content=\"index, follow, max-snippet:-1, max-image-preview:large, max-video-preview:-1\" \/>\n<link rel=\"canonical\" href=\"https:\/\/hudbasvetazilina.sk\/sk\/ochrana-sukromia\/\" \/>\n<meta property=\"og:locale\" content=\"sk_SK\" \/>\n<meta property=\"og:type\" content=\"article\" \/>\n<meta property=\"og:title\" content=\"Ochrana osobn\u00fdch \u00fadajov - Hudba sveta \u017dilina\" \/>\n<meta property=\"og:description\" content=\"Tieto pod\u00admienky ochrany s\u00fa\u00adkro\u00admia s\u00fa platn\u00e9 od 24.5.2018. Z\u00e1\u00adle\u017e\u00ed n\u00e1m na ochrane V\u00e1\u0161ho s\u00fa\u00adkro\u00admia. Preto si pro\u00ads\u00edm po\u00adzorne pre\u00ad\u010d\u00ed\u00adtajte tieto pod\u00admienky ochrany s\u00fa\u00adkro\u00admia (\u010fa\u00adlej len \u201ePod\u00admienky ochrany s\u00fa\u00adkro\u00admia\u201c). Tieto Pod\u00admienky ochrany s\u00fa\u00adkro\u00admia pod\u00adrobne po\u00adpi\u00adsuj\u00fa ako z\u00eds\u00adka\u00advame, po\u00adu\u00ad\u017e\u00ed\u00advame, ucho\u00adv\u00e1\u00advame a pr\u00ed\u00adpadne zve\u00adrej\u00ad\u0148u\u00adjeme Va\u0161e osobn\u00e9 \u00fadaje pri jed\u00adnot\u00adli\u00adv\u00fdch \u010din\u00adnos\u00adtiach vy\u00adko\u00adn\u00e1\u00adva\u00adn\u00fdch spo\u00adlo\u010d\u00adnos\u00ad\u0165ou Hudba sveta \u017dilina. V pr\u00ed\u00adpade ak\u00fdch\u00adko\u013e\u00advek...\" \/>\n<meta property=\"og:url\" content=\"https:\/\/hudbasvetazilina.sk\/sk\/ochrana-sukromia\/\" \/>\n<meta property=\"og:site_name\" content=\"Hudba sveta \u017dilina\" \/>\n<meta property=\"article:publisher\" content=\"https:\/\/www.facebook.com\/hudbasvetazilina\/\" \/>\n<meta property=\"article:modified_time\" content=\"2018-12-16T18:14:31+00:00\" \/>\n<meta property=\"og:image\" content=\"https:\/\/hudbasvetazilina.sk\/wp-content\/uploads\/2024\/09\/poster2.png\" \/>\n\t<meta property=\"og:image:width\" content=\"1080\" \/>\n\t<meta property=\"og:image:height\" content=\"1080\" \/>\n<meta name=\"twitter:card\" content=\"summary_large_image\" \/>\n<script type=\"application\/ld+json\" class=\"yoast-schema-graph\">{\"@context\":\"https:\/\/schema.org\",\"@graph\":[{\"@type\":\"Organization\",\"@id\":\"https:\/\/hudbasvetazilina.sk\/sk\/#organization\",\"name\":\"Hudba sveta \\u017dilina\",\"url\":\"https:\/\/hudbasvetazilina.sk\/sk\/\",\"sameAs\":[\"https:\/\/www.facebook.com\/hudbasvetazilina\/\"],\"logo\":{\"@type\":\"ImageObject\",\"@id\":\"https:\/\/hudbasvetazilina.sk\/sk\/#logo\",\"inLanguage\":\"sk-SK\",\"url\":\"https:\/\/hudbasvetazilina.sk\/wp-content\/uploads\/2024\/09\/hudba_sveta_logo.jpg\",\"width\":1080,\"height\":555,\"caption\":\"Hudba sveta \\u017dilina\"},\"image\":{\"@id\":\"https:\/\/hudbasvetazilina.sk\/sk\/#logo\"}},{\"@type\":\"WebSite\",\"@id\":\"https:\/\/hudbasvetazilina.sk\/sk\/#website\",\"url\":\"https:\/\/hudbasvetazilina.sk\/sk\/\",\"name\":\"Hudba sveta \\u017dilina\",\"description\":\"9. - 10. Okt\\u00f3ber 2025\",\"publisher\":{\"@id\":\"https:\/\/hudbasvetazilina.sk\/sk\/#organization\"},\"potentialAction\":[{\"@type\":\"SearchAction\",\"target\":\"https:\/\/hudbasvetazilina.sk\/sk\/?s={search_term_string}\",\"query-input\":\"required name=search_term_string\"}],\"inLanguage\":\"sk-SK\"},{\"@type\":\"WebPage\",\"@id\":\"https:\/\/hudbasvetazilina.sk\/sk\/ochrana-sukromia\/#webpage\",\"url\":\"https:\/\/hudbasvetazilina.sk\/sk\/ochrana-sukromia\/\",\"name\":\"Ochrana osobn\\u00fdch \\u00fadajov - Hudba sveta \\u017dilina\",\"isPartOf\":{\"@id\":\"https:\/\/hudbasvetazilina.sk\/sk\/#website\"},\"datePublished\":\"2018-12-16T16:47:29+00:00\",\"dateModified\":\"2018-12-16T18:14:31+00:00\",\"inLanguage\":\"sk-SK\",\"potentialAction\":[{\"@type\":\"ReadAction\",\"target\":[[\"https:\/\/hudbasvetazilina.sk\/sk\/ochrana-sukromia\/\"]]}]}]}<\/script>\n<!-- \/ Yoast SEO plugin. -->","_links":{"self":[{"href":"https:\/\/hudbasvetazilina.sk\/sk\/wp-json\/wp\/v2\/pages\/3"}],"collection":[{"href":"https:\/\/hudbasvetazilina.sk\/sk\/wp-json\/wp\/v2\/pages"}],"about":[{"href":"https:\/\/hudbasvetazilina.sk\/sk\/wp-json\/wp\/v2\/types\/page"}],"author":[{"embeddable":true,"href":"https:\/\/hudbasvetazilina.sk\/sk\/wp-json\/wp\/v2\/users\/1"}],"replies":[{"embeddable":true,"href":"https:\/\/hudbasvetazilina.sk\/sk\/wp-json\/wp\/v2\/comments?post=3"}],"version-history":[{"count":2,"href":"https:\/\/hudbasvetazilina.sk\/sk\/wp-json\/wp\/v2\/pages\/3\/revisions"}],"predecessor-version":[{"id":38,"href":"https:\/\/hudbasvetazilina.sk\/sk\/wp-json\/wp\/v2\/pages\/3\/revisions\/38"}],"wp:attachment":[{"href":"https:\/\/hudbasvetazilina.sk\/sk\/wp-json\/wp\/v2\/media?parent=3"}],"curies":[{"name":"wp","href":"https:\/\/api.w.org\/{rel}","templated":true}]}}