{"id":93,"date":"2018-12-16T21:01:29","date_gmt":"2018-12-16T20:01:29","guid":{"rendered":"https:\/\/hudbasvetazilina.sk\/?page_id=93"},"modified":"2025-09-02T18:12:46","modified_gmt":"2025-09-02T16:12:46","slug":"program","status":"publish","type":"page","link":"https:\/\/hudbasvetazilina.sk\/en\/program\/","title":{"rendered":"Program"},"content":{"rendered":"<p><strong>Festivalov\u00fd program 2025:<\/strong><\/p>\n<hr \/>\n<p><strong>\u0160tvrtok 9. okt\u00f3bra<\/strong><\/p>\n<ul>\n<li><strong>Festival otvoria detsk\u00e9 workshopy, ktor\u00e9 sa konaj\u00fa v spolupr\u00e1ci so Z\u0160 Karpatsk\u00e1 ulica <\/strong>\u00a0Workshopy prin\u00e1\u0161aj\u00fa rados\u0165 z rytmu mal\u00fdm aj ve\u013ek\u00fdm \u00fa\u010dastn\u00edkom.<\/li>\n<li><strong>Ve\u010dern\u00fd koncert o 19:00 sa presunie do Rosenfeldovho pal\u00e1ca, <\/strong>kde vyst\u00fapi form\u00e1cia<strong> Alice in WonderBand (SRB) <\/strong>\u2013 origin\u00e1lna form\u00e1cia, ktor\u00e1 sp\u00e1ja hudbu, hlas, rytmus a pohyb do fascinuj\u00faceho performat\u00edvneho z\u00e1\u017eitku.<\/li>\n<\/ul>\n<hr \/>\n<p><strong>Piatok 10. okt\u00f3bra<\/strong><\/p>\n<ul>\n<li><strong>Festival pokra\u010duje v priestore Stanica \u017dilina-Z\u00e1rie\u010die.<\/strong><\/li>\n<li>O 19:00 vyst\u00fapi<strong> Paul Schuberth &amp; Carles Mu\u00f1oz Camarero (AT\/ESP) <\/strong>\u2013 rak\u00fasko-\u0161panielske duo, ktor\u00e9 v origin\u00e1lnej kombin\u00e1cii akorde\u00f3nu a violon\u010dela predvedie virtu\u00f3zny hudobn\u00fd dial\u00f3g.<\/li>\n<li>N\u00e1sledne sa predstav\u00ed<strong> Barbora Boto\u0161ov\u00e1 Band (SK) \u2013 <\/strong>huslistka a skladate\u013eka, ktor\u00e1 dok\u00e1\u017ee folkl\u00f3rne mot\u00edvy pretavi\u0165 do modern\u00fdch pol\u00f4h s obrovskou charizmou.<\/li>\n<li>Festival zakon\u010d\u00ed<strong> ob\u013e\u00faben\u00e9 d\u00edd\u017eejsk\u00e9 duo MALALATA (SK), <\/strong>ktor\u00e9 svojimi balk\u00e1nskymi beatmi v\u017edy roztancuje cel\u00e9 publikum.<\/li>\n<\/ul>\n","protected":false},"excerpt":{"rendered":"<p>Festivalov\u00fd program 2025: \u0160tvrtok 9. okt\u00f3bra Festival otvoria detsk\u00e9 workshopy, ktor\u00e9 sa konaj\u00fa v spolupr\u00e1ci so Z\u0160 Karpatsk\u00e1 ulica \u00a0Workshopy prin\u00e1\u0161aj\u00fa rados\u0165 z rytmu mal\u00fdm aj ve\u013ek\u00fdm \u00fa\u010dastn\u00edkom. Ve\u010dern\u00fd koncert o 19:00 sa presunie do Rosenfeldovho pal\u00e1ca, kde vyst\u00fapi form\u00e1cia Alice in WonderBand (SRB) \u2013 origin\u00e1lna form\u00e1cia, ktor\u00e1 sp\u00e1ja hudbu, hlas, rytmus a pohyb do&#8230;<\/p>\n","protected":false},"author":1,"featured_media":1160,"parent":0,"menu_order":12,"comment_status":"closed","ping_status":"closed","template":"fullwidth.php","meta":[],"yoast_head":"<!-- This site is optimized with the Yoast SEO plugin v15.1.1 - https:\/\/yoast.com\/wordpress\/plugins\/seo\/ -->\n<title>PROGRAM - Hudba sveta \u017dilina - 9.-11. 10. 2024<\/title>\n<meta name=\"description\" content=\"Svetov\u00e1 hudba znie v \u017diline u\u017e 10. rokov. Festival Hudba sveta \u017dilina u\u017e v okt\u00f3bri. 0. ro\u010dn\u00edka festivalu Hudba sveta \u017dilina svoj vlastn\u00fd hudobn\u00fd koktejl. Organiz\u00e1tori sa na v\u00e1s te\u0161ia od9.-11. okt\u00f3bra v mestsk\u00fdch a klubov\u00fdch priestoroch \u017diliny.\" \/>\n<meta name=\"robots\" content=\"index, follow, max-snippet:-1, max-image-preview:large, max-video-preview:-1\" \/>\n<link rel=\"canonical\" href=\"https:\/\/hudbasvetazilina.sk\/en\/program\/\" \/>\n<meta property=\"og:locale\" content=\"en_US\" \/>\n<meta property=\"og:type\" content=\"article\" \/>\n<meta property=\"og:title\" content=\"PROGRAM - Hudba sveta \u017dilina - 9.-11. 10. 2024\" \/>\n<meta property=\"og:description\" content=\"Svetov\u00e1 hudba znie v \u017diline u\u017e 10. rokov. Festival Hudba sveta \u017dilina u\u017e v okt\u00f3bri. 0. ro\u010dn\u00edka festivalu Hudba sveta \u017dilina svoj vlastn\u00fd hudobn\u00fd koktejl. Organiz\u00e1tori sa na v\u00e1s te\u0161ia od9.-11. okt\u00f3bra v mestsk\u00fdch a klubov\u00fdch priestoroch \u017diliny.\" \/>\n<meta property=\"og:url\" content=\"https:\/\/hudbasvetazilina.sk\/en\/program\/\" \/>\n<meta property=\"og:site_name\" content=\"World music \u017dilina \/ Slovakia\" \/>\n<meta property=\"article:publisher\" content=\"https:\/\/www.facebook.com\/hudbasvetazilina\/\" \/>\n<meta property=\"article:modified_time\" content=\"2025-09-02T16:12:46+00:00\" \/>\n<meta property=\"og:image\" content=\"https:\/\/hudbasvetazilina.sk\/wp-content\/uploads\/2024\/09\/hudba_sveta_logo.jpg\" \/>\n\t<meta property=\"og:image:width\" content=\"1080\" \/>\n\t<meta property=\"og:image:height\" content=\"555\" \/>\n<meta name=\"twitter:card\" content=\"summary_large_image\" \/>\n<script type=\"application\/ld+json\" class=\"yoast-schema-graph\">{\"@context\":\"https:\/\/schema.org\",\"@graph\":[{\"@type\":\"Organization\",\"@id\":\"https:\/\/hudbasvetazilina.sk\/en\/#organization\",\"name\":\"Hudba sveta \\u017dilina\",\"url\":\"https:\/\/hudbasvetazilina.sk\/en\/\",\"sameAs\":[\"https:\/\/www.facebook.com\/hudbasvetazilina\/\"],\"logo\":{\"@type\":\"ImageObject\",\"@id\":\"https:\/\/hudbasvetazilina.sk\/en\/#logo\",\"inLanguage\":\"en-US\",\"url\":\"https:\/\/hudbasvetazilina.sk\/wp-content\/uploads\/2024\/09\/hudba_sveta_logo.jpg\",\"width\":1080,\"height\":555,\"caption\":\"Hudba sveta \\u017dilina\"},\"image\":{\"@id\":\"https:\/\/hudbasvetazilina.sk\/en\/#logo\"}},{\"@type\":\"WebSite\",\"@id\":\"https:\/\/hudbasvetazilina.sk\/en\/#website\",\"url\":\"https:\/\/hudbasvetazilina.sk\/en\/\",\"name\":\"World music \\u017dilina \/ Slovakia\",\"description\":\"9. - 10. October 2025\",\"publisher\":{\"@id\":\"https:\/\/hudbasvetazilina.sk\/en\/#organization\"},\"potentialAction\":[{\"@type\":\"SearchAction\",\"target\":\"https:\/\/hudbasvetazilina.sk\/en\/?s={search_term_string}\",\"query-input\":\"required name=search_term_string\"}],\"inLanguage\":\"en-US\"},{\"@type\":\"ImageObject\",\"@id\":\"https:\/\/hudbasvetazilina.sk\/en\/program\/#primaryimage\",\"inLanguage\":\"en-US\",\"url\":\"https:\/\/hudbasvetazilina.sk\/wp-content\/uploads\/2024\/09\/hudba_sveta_logo.jpg\",\"width\":1080,\"height\":555},{\"@type\":\"WebPage\",\"@id\":\"https:\/\/hudbasvetazilina.sk\/en\/program\/#webpage\",\"url\":\"https:\/\/hudbasvetazilina.sk\/en\/program\/\",\"name\":\"PROGRAM - Hudba sveta \\u017dilina - 9.-11. 10. 2024\",\"isPartOf\":{\"@id\":\"https:\/\/hudbasvetazilina.sk\/en\/#website\"},\"primaryImageOfPage\":{\"@id\":\"https:\/\/hudbasvetazilina.sk\/en\/program\/#primaryimage\"},\"datePublished\":\"2018-12-16T20:01:29+00:00\",\"dateModified\":\"2025-09-02T16:12:46+00:00\",\"description\":\"Svetov\\u00e1 hudba znie v \\u017diline u\\u017e 10. rokov. Festival Hudba sveta \\u017dilina u\\u017e v okt\\u00f3bri. 0. ro\\u010dn\\u00edka festivalu Hudba sveta \\u017dilina svoj vlastn\\u00fd hudobn\\u00fd koktejl. Organiz\\u00e1tori sa na v\\u00e1s te\\u0161ia od9.-11. okt\\u00f3bra v mestsk\\u00fdch a klubov\\u00fdch priestoroch \\u017diliny.\",\"inLanguage\":\"en-US\",\"potentialAction\":[{\"@type\":\"ReadAction\",\"target\":[[\"https:\/\/hudbasvetazilina.sk\/en\/program\/\"]]}]}]}<\/script>\n<!-- \/ Yoast SEO plugin. -->","_links":{"self":[{"href":"https:\/\/hudbasvetazilina.sk\/en\/wp-json\/wp\/v2\/pages\/93"}],"collection":[{"href":"https:\/\/hudbasvetazilina.sk\/en\/wp-json\/wp\/v2\/pages"}],"about":[{"href":"https:\/\/hudbasvetazilina.sk\/en\/wp-json\/wp\/v2\/types\/page"}],"author":[{"embeddable":true,"href":"https:\/\/hudbasvetazilina.sk\/en\/wp-json\/wp\/v2\/users\/1"}],"replies":[{"embeddable":true,"href":"https:\/\/hudbasvetazilina.sk\/en\/wp-json\/wp\/v2\/comments?post=93"}],"version-history":[{"count":104,"href":"https:\/\/hudbasvetazilina.sk\/en\/wp-json\/wp\/v2\/pages\/93\/revisions"}],"predecessor-version":[{"id":1194,"href":"https:\/\/hudbasvetazilina.sk\/en\/wp-json\/wp\/v2\/pages\/93\/revisions\/1194"}],"wp:featuredmedia":[{"embeddable":true,"href":"https:\/\/hudbasvetazilina.sk\/en\/wp-json\/wp\/v2\/media\/1160"}],"wp:attachment":[{"href":"https:\/\/hudbasvetazilina.sk\/en\/wp-json\/wp\/v2\/media?parent=93"}],"curies":[{"name":"wp","href":"https:\/\/api.w.org\/{rel}","templated":true}]}}