{"id":1170,"date":"2025-09-02T17:26:52","date_gmt":"2025-09-02T15:26:52","guid":{"rendered":"https:\/\/hudbasvetazilina.sk\/?page_id=1170"},"modified":"2025-09-02T17:27:08","modified_gmt":"2025-09-02T15:27:08","slug":"rocnik-2024","status":"publish","type":"page","link":"https:\/\/hudbasvetazilina.sk\/en\/rocnik-2024\/","title":{"rendered":"Year 2024"},"content":{"rendered":"<p><strong>Svetov\u00e1 hudba znie v \u017diline u\u017e 10. rokov. Festival Hudba sveta \u017dilina u\u017e v okt\u00f3bri.<\/strong><\/p>\n<p>Nycelharpa na Slovensku? V\u00e1\u017ena hudba, jazz, balk\u00e1n \u010di world music? Spojenie \u0161kandin\u00e1vskej a\u00a0katal\u00e1nskej hudby? Slovansk\u00e9 \u013eudovky s\u00a0modernou elektronikou? Reggae a drum&amp;bass? Namie\u0161ajte si v\u010faka pestr\u00e9mu programu jubilejn\u00e9ho 10. ro\u010dn\u00edka festivalu <strong>Hudba sveta \u017dilina<\/strong> svoj vlastn\u00fd hudobn\u00fd koktejl. Organiz\u00e1tori sa na v\u00e1s te\u0161ia od<\/p>\n<p>9.-11. okt\u00f3bra v mestsk\u00fdch a klubov\u00fdch priestoroch \u017diliny.<\/p>\n<p>Otvorenie festivalu prebehne u\u017e tradi\u010dne v\u00a0Mestskom divadle. V\u00a0stredu, 9. okt\u00f3bra, sa ocitnete vo vyberanej spolo\u010dnosti. Obklopen\u00ed dom\u00e1cimi hviezdami \u017e\u00e1nru world music aj zahrani\u010dn\u00fdmi hos\u0165ami z\u00a0Po\u013eska.<\/p>\n<p><strong>Stromoradie<\/strong> je nov\u00fd projekt, ktor\u00fd spojil virtu\u00f3znych hr\u00e1\u010dov zo Slovenska. Stana Pal\u00facha na husle, perkusie a kl\u00e1vesy, Marcela Comendanta na cimbal, Petra Kormana na kontrabas a spev\u00e1\u010dku Simonu Hulejov\u00fa. Hudobn\u00edci \u010derpaj\u00fa in\u0161pir\u00e1ciu z tradi\u010dnej a v\u00e1\u017enej hudby, jazzu, balk\u00e1nu a worldmusic. Spev je v tomto pr\u00edpade vyu\u017e\u00edvan\u00fd viac ako hudobn\u00fd n\u00e1stroj a umelci si u\u017e\u00edvaj\u00fa spolo\u010dn\u00fa rados\u0165 z improviz\u00e1cie. Striedan\u00edm komponovan\u00fdch a improvizovan\u00fdch \u010dast\u00ed tak dosahuj\u00fa farebnos\u0165 a pestros\u0165 n\u00e1lad po\u010das ich \u017eiv\u00fdch koncertov.<\/p>\n<p><a href=\"https:\/\/divadlozilina.eu\/podujatia\/hudba-sveta-zilina-2024\/\" target=\"_blank\" rel=\"noopener noreferrer\"><button>TICKETS<\/button><\/a><\/p>\n<div id='gallery-7' class='gallery galleryid-1170 gallery-columns-4 gallery-size-medium'><figure class='gallery-item'>\n\t\t\t<div class='gallery-icon portrait'>\n\t\t\t\t<a href='https:\/\/hudbasvetazilina.sk\/wp-content\/uploads\/2024\/09\/01.jpg'><img width=\"350\" height=\"250\" src=\"https:\/\/hudbasvetazilina.sk\/wp-content\/uploads\/2024\/09\/01-350x250.jpg\" class=\"attachment-medium size-medium\" alt=\"\" loading=\"lazy\" \/><\/a>\n\t\t\t<\/div><\/figure><figure class='gallery-item'>\n\t\t\t<div class='gallery-icon landscape'>\n\t\t\t\t<a href='https:\/\/hudbasvetazilina.sk\/wp-content\/uploads\/2024\/09\/Korman-foto.jpg'><img width=\"350\" height=\"250\" src=\"https:\/\/hudbasvetazilina.sk\/wp-content\/uploads\/2024\/09\/Korman-foto-350x250.jpg\" class=\"attachment-medium size-medium\" alt=\"\" loading=\"lazy\" \/><\/a>\n\t\t\t<\/div><\/figure><figure class='gallery-item'>\n\t\t\t<div class='gallery-icon landscape'>\n\t\t\t\t<a href='https:\/\/hudbasvetazilina.sk\/wp-content\/uploads\/2024\/09\/Comendant-foto.jpg'><img width=\"350\" height=\"250\" src=\"https:\/\/hudbasvetazilina.sk\/wp-content\/uploads\/2024\/09\/Comendant-foto-350x250.jpg\" class=\"attachment-medium size-medium\" alt=\"\" loading=\"lazy\" \/><\/a>\n\t\t\t<\/div><\/figure><figure class='gallery-item'>\n\t\t\t<div class='gallery-icon landscape'>\n\t\t\t\t<a href='https:\/\/hudbasvetazilina.sk\/wp-content\/uploads\/2024\/09\/02.jpg'><img width=\"350\" height=\"250\" src=\"https:\/\/hudbasvetazilina.sk\/wp-content\/uploads\/2024\/09\/02-350x250.jpg\" class=\"attachment-medium size-medium\" alt=\"\" loading=\"lazy\" \/><\/a>\n\t\t\t<\/div><\/figure>\n\t\t<\/div>\n\n<hr \/>\n<p><strong>Sutari<\/strong> to je sila troch \u017eensk\u00fdch hlasov prel\u00ednaj\u00facich sa v jedine\u010dnej hudobnej harm\u00f3nii. Ich hudba je f\u00faziou trad\u00edcie a moderny, naplnenej tranzom a polyf\u00f3nnymi kompoz\u00edciami, pretkan\u00fdmi t\u00e9mami pr\u00edrody, slobody, \u017eenskosti a sesterstva. Kapela vytvorila jedine\u010dn\u00fd \u0161t\u00fdl interpret\u00e1cie tradi\u010dn\u00fdch piesn\u00ed a tvorby hudobn\u00fdch rozpr\u00e1vok. Umelkyne experimentuj\u00fa s r\u00f4znymi vok\u00e1lnymi technikami, vytv\u00e1raj\u00fa si vlastn\u00e9 n\u00e1stroje a sk\u00famaj\u00fa hudobn\u00fd potenci\u00e1l ka\u017edodenn\u00fdch predmetov. Aran\u017euj\u00fa tradi\u010dn\u00e9 po\u013esk\u00e9 piesne a tie\u017e komponuj\u00fa vlastn\u00e9, zalo\u017een\u00e9 na r\u00f4znych \u017eensk\u00fdch hudobn\u00fdch trad\u00edci\u00e1ch.<\/p>\n<p><a href=\"https:\/\/divadlozilina.eu\/podujatia\/hudba-sveta-zilina-2024\/\" target=\"_blank\" rel=\"noopener noreferrer\"><button>TICKETS<\/button><\/a><\/p>\n<div id='gallery-8' class='gallery galleryid-1170 gallery-columns-3 gallery-size-medium'><figure class='gallery-item'>\n\t\t\t<div class='gallery-icon portrait'>\n\t\t\t\t<a href='https:\/\/hudbasvetazilina.sk\/wp-content\/uploads\/2024\/09\/1_Sutari_fot-Iwona-Bandzarewicz.jpg'><img width=\"350\" height=\"250\" src=\"https:\/\/hudbasvetazilina.sk\/wp-content\/uploads\/2024\/09\/1_Sutari_fot-Iwona-Bandzarewicz-350x250.jpg\" class=\"attachment-medium size-medium\" alt=\"\" loading=\"lazy\" \/><\/a>\n\t\t\t<\/div><\/figure><figure class='gallery-item'>\n\t\t\t<div class='gallery-icon landscape'>\n\t\t\t\t<a href='https:\/\/hudbasvetazilina.sk\/wp-content\/uploads\/2024\/09\/2_Sutari_fot-Iwona-Bandzarewicz..jpg'><img width=\"350\" height=\"250\" src=\"https:\/\/hudbasvetazilina.sk\/wp-content\/uploads\/2024\/09\/2_Sutari_fot-Iwona-Bandzarewicz.-350x250.jpg\" class=\"attachment-medium size-medium\" alt=\"\" loading=\"lazy\" \/><\/a>\n\t\t\t<\/div><\/figure><figure class='gallery-item'>\n\t\t\t<div class='gallery-icon portrait'>\n\t\t\t\t<a href='https:\/\/hudbasvetazilina.sk\/wp-content\/uploads\/2024\/09\/Sutari_Bielawski-Photography-2024.jpeg'><img width=\"350\" height=\"250\" src=\"https:\/\/hudbasvetazilina.sk\/wp-content\/uploads\/2024\/09\/Sutari_Bielawski-Photography-2024-350x250.jpeg\" class=\"attachment-medium size-medium\" alt=\"\" loading=\"lazy\" \/><\/a>\n\t\t\t<\/div><\/figure>\n\t\t<\/div>\n\n<p>Video:<\/p>\n<p><iframe title=\"SUTARI - KO\u015aNICZKI \/ WOMEN OF THE HARVEST\" width=\"500\" height=\"281\" src=\"https:\/\/www.youtube.com\/embed\/vSkOFv69ZlY?feature=oembed\" frameborder=\"0\" allow=\"accelerometer; autoplay; clipboard-write; encrypted-media; gyroscope; picture-in-picture; web-share\" referrerpolicy=\"strict-origin-when-cross-origin\" allowfullscreen><\/iframe><\/p>\n<hr \/>\n<p>Vo \u0161tvrtok, 10.okt\u00f3bra, sa spolo\u010dne vyd\u00e1me na hudobn\u00fa cestu do dvoch festivalov\u00fdch priestorov.<\/p>\n<p>Podve\u010der v Rosenfeldovom Pal\u00e1ci bude patri\u0165 n\u00f3rsko-rak\u00faskemu duu <strong>Lofoten Cello Duo. <\/strong>Ide spojenie \u0161kandin\u00e1vskej a katal\u00e1nskej \u013eudovej hudby. Vo svojom \u201cbat\u00f4\u017eku\u201d prines\u00fa zlo\u017eit\u00e9 balk\u00e1nske rytmy, melancholick\u00e9 \u017eidovsk\u00e9 mel\u00f3die, zvuky z Kaukazu a Bl\u00edzkeho v\u00fdchodu a vlastn\u00e9 kompoz\u00edcie. Popri dvoch violon\u010del\u00e1ch a popul\u00e1rnom \u0161v\u00e9dskom n\u00e1stroji nyckelharpa, pou\u017e\u00edvaj\u00fa \u00a0aj hlasy, ktor\u00e9 \u00a0ich hudbu obohacuj\u00fa o ne\u010dakan\u00fa hustotu. Ich reperto\u00e1r sp\u00e1ja rozmanit\u00fa \u00fastnu trad\u00edciu etno hudby z cel\u00e9ho sveta, od staroveku a\u017e po s\u00fa\u010dasnos\u0165.<\/p>\n<p><a href=\"https:\/\/tootoot.fm\/sk\/events\/66d6cbbda2ec3d119cc20be5\" target=\"_blank\" rel=\"noopener noreferrer\"><button>TICKETS<\/button><\/a><\/p>\n<div id='gallery-9' class='gallery galleryid-1170 gallery-columns-3 gallery-size-medium'><figure class='gallery-item'>\n\t\t\t<div class='gallery-icon landscape'>\n\t\t\t\t<a href='https:\/\/hudbasvetazilina.sk\/wp-content\/uploads\/2024\/09\/Lofoten_klein-5318.jpg'><img width=\"350\" height=\"250\" src=\"https:\/\/hudbasvetazilina.sk\/wp-content\/uploads\/2024\/09\/Lofoten_klein-5318-350x250.jpg\" class=\"attachment-medium size-medium\" alt=\"\" loading=\"lazy\" \/><\/a>\n\t\t\t<\/div><\/figure><figure class='gallery-item'>\n\t\t\t<div class='gallery-icon landscape'>\n\t\t\t\t<a href='https:\/\/hudbasvetazilina.sk\/wp-content\/uploads\/2024\/09\/Lofoten-5520.jpg'><img width=\"350\" height=\"250\" src=\"https:\/\/hudbasvetazilina.sk\/wp-content\/uploads\/2024\/09\/Lofoten-5520-350x250.jpg\" class=\"attachment-medium size-medium\" alt=\"\" loading=\"lazy\" \/><\/a>\n\t\t\t<\/div><\/figure>\n\t\t<\/div>\n\n<p>Video:<\/p>\n<p><iframe title=\"Life in stills - Lofoten Cello Duo\" width=\"500\" height=\"281\" src=\"https:\/\/www.youtube.com\/embed\/VWL5zK8h7Bc?feature=oembed\" frameborder=\"0\" allow=\"accelerometer; autoplay; clipboard-write; encrypted-media; gyroscope; picture-in-picture; web-share\" referrerpolicy=\"strict-origin-when-cross-origin\" allowfullscreen><\/iframe><\/p>\n<hr \/>\n<p>Ve\u010dern\u00fd program n\u00e1s zavedie do priestorov kaviarne Novej Synag\u00f3gy.<\/p>\n<p>\u010cesk\u00e1 spev\u00e1\u010dka, skladate\u013eka a multiin\u0161trumentalistka <strong>Kate\u0159ina G\u00f6ttlichov\u00e1<\/strong>, zn\u00e1ma v\u010faka oce\u0148ovan\u00e9mu zoskupeniu BraAgas, prin\u00e1\u0161a na festival skladby z jej debutov\u00e9ho albumu <strong>Zimnice<\/strong>. Prel\u00edna sa v \u0148om kontrast textov slovansk\u00fdch \u013eudov\u00fdch piesn\u00e9 s autorskou folkl\u00f3rnou hudbou s dne\u0161n\u00fdmi technol\u00f3giami. \u017d\u00e1nrovo splet\u00e1 r\u00f3msku, balk\u00e1nsku a hisp\u00e1nsku hudbu. N\u00e1strojov\u00e9 zlo\u017eenie vytv\u00e1ra spojenie minimalistick\u00fdch prirodzen\u00fdch zvukov akustick\u00fdch n\u00e1strojov ako gitara alebo nyckelharpa, mie\u0161an\u00fdch do loopov s pr\u00edmesou elektroniky. Na debutovom s\u00f3lovom po\u010dine hos\u0165ovali v\u0161estrann\u00fd hudobn\u00edk Jan Balcar a jazzov\u00fd kontrabasista Petr Tich\u00fd, ktor\u00ed sa spolo\u010dne predstavia aj v \u017diline.<\/p>\n<p><a href=\"https:\/\/tootoot.fm\/sk\/events\/66d6cc69a2ec3d119cc2c603\" target=\"_blank\" rel=\"noopener noreferrer\"><button>TICKETS<\/button><\/a><\/p>\n<div id='gallery-10' class='gallery galleryid-1170 gallery-columns-3 gallery-size-medium'><figure class='gallery-item'>\n\t\t\t<div class='gallery-icon landscape'>\n\t\t\t\t<a href='https:\/\/hudbasvetazilina.sk\/wp-content\/uploads\/2024\/09\/Zimnice.jpg'><img width=\"350\" height=\"250\" src=\"https:\/\/hudbasvetazilina.sk\/wp-content\/uploads\/2024\/09\/Zimnice-350x250.jpg\" class=\"attachment-medium size-medium\" alt=\"\" loading=\"lazy\" \/><\/a>\n\t\t\t<\/div><\/figure><figure class='gallery-item'>\n\t\t\t<div class='gallery-icon landscape'>\n\t\t\t\t<a href='https:\/\/hudbasvetazilina.sk\/wp-content\/uploads\/2024\/09\/Zimnice_1.jpg'><img width=\"350\" height=\"250\" src=\"https:\/\/hudbasvetazilina.sk\/wp-content\/uploads\/2024\/09\/Zimnice_1-350x250.jpg\" class=\"attachment-medium size-medium\" alt=\"\" loading=\"lazy\" \/><\/a>\n\t\t\t<\/div><\/figure>\n\t\t<\/div>\n\n<p>Video:<\/p>\n<p><iframe title=\"Ceduli\u010dka\" width=\"500\" height=\"375\" src=\"https:\/\/www.youtube.com\/embed\/2Uj4dLyrflA?feature=oembed\" frameborder=\"0\" allow=\"accelerometer; autoplay; clipboard-write; encrypted-media; gyroscope; picture-in-picture; web-share\" referrerpolicy=\"strict-origin-when-cross-origin\" allowfullscreen><\/iframe><\/p>\n<hr \/>\n<p>Piatkov\u00fd program, 11. Okt\u00f3bra, prebehne v\u00a0ob\u013e\u00fabenom Smer Klub 77 v\u00a0\u017diline. P\u00f4jde o\u00a0ve\u010der nabit\u00fd tane\u010dn\u00fdmi balk\u00e1nskymi rytmami naprie\u010d krajinami v\u00a0podan\u00ed dvoch energick\u00fdch dom\u00e1cich zoskupen\u00ed.<\/p>\n<p>Kapelu <strong>Buchajtramka <\/strong>tvor\u00ed skupina kamar\u00e1tov z Horehronia, ktor\u00ed miluj\u00fa \u017eivot, hudbu a\u00a0folkl\u00f3r. Sami tvrdia, \u017ee nevedia \u010do hraj\u00fa. Pravdepodobne nie\u010do ako folk-ethno-world-music . O\u00a0tieto svoje v\u00e1\u0161ne sa radi delia aj so svoj\u00edm publikom v\u00a0podobe \u017eivo bujar\u00fdch koncertov, ktor\u00e9 roztancovali div\u00e1kov naprie\u010d mnoh\u00fdmi dom\u00e1cimi festivalmi.<\/p>\n<p>\u017deny s\u00fa v kapele oble\u010den\u00e9 do starod\u00e1vnych slovensk\u00fdch krojov, \u010d\u00edm vzd\u00e1vaj\u00fa hold trad\u00edci\u00e1m a z\u00e1rove\u0148 s\u00fa kr\u00e1sne. Folkl\u00f3rne piesne a mot\u00edvy v kombin\u00e1ci\u00ed s prvkami \u013eudovej tvorby a prvkami worldmusic, reggae, drum&amp;bass. To je ich hudobn\u00fd kokteil, ktor\u00fd pon\u00fakaj\u00fa.<\/p>\n<p><a href=\"https:\/\/tootoot.fm\/sk\/events\/66d6cc69a2ec3d119cc2c603\" target=\"_blank\" rel=\"noopener noreferrer\"><button>TICKETS<\/button><\/a><\/p>\n<div id='gallery-11' class='gallery galleryid-1170 gallery-columns-3 gallery-size-medium'><figure class='gallery-item'>\n\t\t\t<div class='gallery-icon landscape'>\n\t\t\t\t<a href='https:\/\/hudbasvetazilina.sk\/wp-content\/uploads\/2024\/09\/Buchajtramka.jpg'><img width=\"350\" height=\"250\" src=\"https:\/\/hudbasvetazilina.sk\/wp-content\/uploads\/2024\/09\/Buchajtramka-350x250.jpg\" class=\"attachment-medium size-medium\" alt=\"\" loading=\"lazy\" \/><\/a>\n\t\t\t<\/div><\/figure><figure class='gallery-item'>\n\t\t\t<div class='gallery-icon landscape'>\n\t\t\t\t<a href='https:\/\/hudbasvetazilina.sk\/wp-content\/uploads\/2024\/09\/Buchajtramka_2.jpg'><img width=\"350\" height=\"250\" src=\"https:\/\/hudbasvetazilina.sk\/wp-content\/uploads\/2024\/09\/Buchajtramka_2-350x250.jpg\" class=\"attachment-medium size-medium\" alt=\"\" loading=\"lazy\" \/><\/a>\n\t\t\t<\/div><\/figure>\n\t\t<\/div>\n\n<p>Video:<\/p>\n<p><iframe title=\"Buchajtramka - Mangalice\" width=\"500\" height=\"281\" src=\"https:\/\/www.youtube.com\/embed\/ZCejbJkf8XU?feature=oembed\" frameborder=\"0\" allow=\"accelerometer; autoplay; clipboard-write; encrypted-media; gyroscope; picture-in-picture; web-share\" referrerpolicy=\"strict-origin-when-cross-origin\" allowfullscreen><\/iframe><\/p>\n<hr \/>\n<p>\u017dilinsk\u00fa st\u00e1licu, kapelu <strong>Balkansambel<\/strong> netreba nikomu predstavova\u0165. Origin\u00e1lne zoskupenie slobodomyse\u013en\u00fdch muzikantov prin\u00e1\u0161a tradi\u010dn\u00fa hudbu balk\u00e1nskych kult\u00far, no v nemalej miere sa zaober\u00e1 aj slovenskou \u013eudovou hudbou a tie\u017e hudbou v\u00e1\u017enou a jazzovou.<\/p>\n<div id='gallery-12' class='gallery galleryid-1170 gallery-columns-3 gallery-size-medium'><figure class='gallery-item'>\n\t\t\t<div class='gallery-icon landscape'>\n\t\t\t\t<a href='https:\/\/hudbasvetazilina.sk\/wp-content\/uploads\/2024\/09\/Balkansambel.jpg'><img width=\"350\" height=\"250\" src=\"https:\/\/hudbasvetazilina.sk\/wp-content\/uploads\/2024\/09\/Balkansambel-350x250.jpg\" class=\"attachment-medium size-medium\" alt=\"\" loading=\"lazy\" \/><\/a>\n\t\t\t<\/div><\/figure><figure class='gallery-item'>\n\t\t\t<div class='gallery-icon landscape'>\n\t\t\t\t<a href='https:\/\/hudbasvetazilina.sk\/wp-content\/uploads\/2024\/09\/Balkansambel_1.jpg'><img width=\"350\" height=\"250\" src=\"https:\/\/hudbasvetazilina.sk\/wp-content\/uploads\/2024\/09\/Balkansambel_1-350x250.jpg\" class=\"attachment-medium size-medium\" alt=\"\" loading=\"lazy\" \/><\/a>\n\t\t\t<\/div><\/figure>\n\t\t<\/div>\n\n<p>Video:<\/p>\n<p><iframe title=\"Balkansambel - \u010carnica\" width=\"500\" height=\"281\" src=\"https:\/\/www.youtube.com\/embed\/LOeE0ssOsy8?feature=oembed\" frameborder=\"0\" allow=\"accelerometer; autoplay; clipboard-write; encrypted-media; gyroscope; picture-in-picture; web-share\" referrerpolicy=\"strict-origin-when-cross-origin\" allowfullscreen><\/iframe><\/p>\n<hr \/>\n<p>S\u00fa\u010das\u0165ou festival bud\u00fa op\u00e4\u0165 worshopy pre deti s Rytmika.sk, ktor\u00e9 sa uskuto\u010dnia 10.10. na Z\u0160 Karpatsk\u00e1 ulica a Z\u0160 Ga\u0161tanov\u00e1 \u2013 Byt\u010dica.<\/p>\n<p>Festival z verejn\u00fdch zdrojov podporil Fond na podporu umenia. Za finan\u010dn\u00fa podporu \u010fakujeme Mestu \u017dilina.<\/p>\n<hr \/>\n<h2>Program<\/h2>\n<p><strong>9.10. \/ 19:00 \/\u00a0Mestsk\u00e9 Divadlo \u017dilina<\/strong><\/p>\n<ul>\n<li>Sutari (PL)<\/li>\n<li>Stromoradie ( Pal\u00fach, Comendant, Korman, Hulejov\u00e1 SK)<\/li>\n<\/ul>\n<p>&nbsp;<\/p>\n<p><strong>10.10. \/ 18:30 \/ Rosenfeldov Pal\u00e1c<\/strong><\/p>\n<ul>\n<li>LofotenCelloDuo (No\/AT)<\/li>\n<\/ul>\n<p>&nbsp;<\/p>\n<p><strong>10.10.\u00a0 \/ 20:00 \/\u00a0Kaviare\u0148 Nov\u00e1\u00a0Synag\u00f3ga<\/strong><\/p>\n<ul>\n<li>Zimnice (CZ)<\/li>\n<\/ul>\n<p>&nbsp;<\/p>\n<p><strong>11.10. \/ 20:00 \/\u00a0Smer Klub 77<\/strong><\/p>\n<ul>\n<li>Balkansambel<\/li>\n<li>Buchajtramka<\/li>\n<\/ul>\n<p><\/p>","protected":false},"excerpt":{"rendered":"<p>Svetov\u00e1 hudba znie v \u017diline u\u017e 10. rokov. Festival Hudba sveta \u017dilina u\u017e v okt\u00f3bri. Nycelharpa na Slovensku? V\u00e1\u017ena hudba, jazz, balk\u00e1n \u010di world music? Spojenie \u0161kandin\u00e1vskej a\u00a0katal\u00e1nskej hudby? Slovansk\u00e9 \u013eudovky s\u00a0modernou elektronikou? Reggae a drum&amp;bass? Namie\u0161ajte si v\u010faka pestr\u00e9mu programu jubilejn\u00e9ho 10. ro\u010dn\u00edka festivalu Hudba sveta \u017dilina svoj vlastn\u00fd hudobn\u00fd koktejl. Organiz\u00e1tori sa na&#8230;<\/p>\n","protected":false},"author":1,"featured_media":0,"parent":0,"menu_order":2,"comment_status":"closed","ping_status":"closed","template":"fullwidth.php","meta":[],"yoast_head":"<!-- This site is optimized with the Yoast SEO plugin v15.1.1 - https:\/\/yoast.com\/wordpress\/plugins\/seo\/ -->\n<title>Year 2024 - World music \u017dilina \/ Slovakia<\/title>\n<meta name=\"robots\" content=\"index, follow, max-snippet:-1, max-image-preview:large, max-video-preview:-1\" \/>\n<link rel=\"canonical\" href=\"https:\/\/hudbasvetazilina.sk\/en\/rocnik-2024\/\" \/>\n<meta property=\"og:locale\" content=\"en_US\" \/>\n<meta property=\"og:type\" content=\"article\" \/>\n<meta property=\"og:title\" content=\"Year 2024 - World music \u017dilina \/ Slovakia\" \/>\n<meta property=\"og:description\" content=\"Svetov\u00e1 hudba znie v \u017diline u\u017e 10. rokov. Festival Hudba sveta \u017dilina u\u017e v okt\u00f3bri. Nycelharpa na Slovensku? V\u00e1\u017ena hudba, jazz, balk\u00e1n \u010di world music? Spojenie \u0161kandin\u00e1vskej a\u00a0katal\u00e1nskej hudby? Slovansk\u00e9 \u013eudovky s\u00a0modernou elektronikou? Reggae a drum&amp;bass? Namie\u0161ajte si v\u010faka pestr\u00e9mu programu jubilejn\u00e9ho 10. ro\u010dn\u00edka festivalu Hudba sveta \u017dilina svoj vlastn\u00fd hudobn\u00fd koktejl. Organiz\u00e1tori sa na...\" \/>\n<meta property=\"og:url\" content=\"https:\/\/hudbasvetazilina.sk\/en\/rocnik-2024\/\" \/>\n<meta property=\"og:site_name\" content=\"World music \u017dilina \/ Slovakia\" \/>\n<meta property=\"article:publisher\" content=\"https:\/\/www.facebook.com\/hudbasvetazilina\/\" \/>\n<meta property=\"article:modified_time\" content=\"2025-09-02T15:27:08+00:00\" \/>\n<meta property=\"og:image\" content=\"https:\/\/hudbasvetazilina.sk\/wp-content\/uploads\/2024\/09\/01-350x250.jpg\" \/>\n<meta name=\"twitter:card\" content=\"summary_large_image\" \/>\n<script type=\"application\/ld+json\" class=\"yoast-schema-graph\">{\"@context\":\"https:\/\/schema.org\",\"@graph\":[{\"@type\":\"Organization\",\"@id\":\"https:\/\/hudbasvetazilina.sk\/en\/#organization\",\"name\":\"Hudba sveta \\u017dilina\",\"url\":\"https:\/\/hudbasvetazilina.sk\/en\/\",\"sameAs\":[\"https:\/\/www.facebook.com\/hudbasvetazilina\/\"],\"logo\":{\"@type\":\"ImageObject\",\"@id\":\"https:\/\/hudbasvetazilina.sk\/en\/#logo\",\"inLanguage\":\"en-US\",\"url\":\"https:\/\/hudbasvetazilina.sk\/wp-content\/uploads\/2024\/09\/hudba_sveta_logo.jpg\",\"width\":1080,\"height\":555,\"caption\":\"Hudba sveta \\u017dilina\"},\"image\":{\"@id\":\"https:\/\/hudbasvetazilina.sk\/en\/#logo\"}},{\"@type\":\"WebSite\",\"@id\":\"https:\/\/hudbasvetazilina.sk\/en\/#website\",\"url\":\"https:\/\/hudbasvetazilina.sk\/en\/\",\"name\":\"World music \\u017dilina \/ Slovakia\",\"description\":\"9. - 10. October 2025\",\"publisher\":{\"@id\":\"https:\/\/hudbasvetazilina.sk\/en\/#organization\"},\"potentialAction\":[{\"@type\":\"SearchAction\",\"target\":\"https:\/\/hudbasvetazilina.sk\/en\/?s={search_term_string}\",\"query-input\":\"required name=search_term_string\"}],\"inLanguage\":\"en-US\"},{\"@type\":\"ImageObject\",\"@id\":\"https:\/\/hudbasvetazilina.sk\/en\/rocnik-2024\/#primaryimage\",\"inLanguage\":\"en-US\",\"url\":\"https:\/\/hudbasvetazilina.sk\/wp-content\/uploads\/2024\/09\/hudba_sveta_2024.jpg\",\"width\":1283,\"height\":1895},{\"@type\":\"WebPage\",\"@id\":\"https:\/\/hudbasvetazilina.sk\/en\/rocnik-2024\/#webpage\",\"url\":\"https:\/\/hudbasvetazilina.sk\/en\/rocnik-2024\/\",\"name\":\"Year 2024 - World music \\u017dilina \/ Slovakia\",\"isPartOf\":{\"@id\":\"https:\/\/hudbasvetazilina.sk\/en\/#website\"},\"primaryImageOfPage\":{\"@id\":\"https:\/\/hudbasvetazilina.sk\/en\/rocnik-2024\/#primaryimage\"},\"datePublished\":\"2025-09-02T15:26:52+00:00\",\"dateModified\":\"2025-09-02T15:27:08+00:00\",\"inLanguage\":\"en-US\",\"potentialAction\":[{\"@type\":\"ReadAction\",\"target\":[[\"https:\/\/hudbasvetazilina.sk\/en\/rocnik-2024\/\"]]}]}]}<\/script>\n<!-- \/ Yoast SEO plugin. -->","_links":{"self":[{"href":"https:\/\/hudbasvetazilina.sk\/en\/wp-json\/wp\/v2\/pages\/1170"}],"collection":[{"href":"https:\/\/hudbasvetazilina.sk\/en\/wp-json\/wp\/v2\/pages"}],"about":[{"href":"https:\/\/hudbasvetazilina.sk\/en\/wp-json\/wp\/v2\/types\/page"}],"author":[{"embeddable":true,"href":"https:\/\/hudbasvetazilina.sk\/en\/wp-json\/wp\/v2\/users\/1"}],"replies":[{"embeddable":true,"href":"https:\/\/hudbasvetazilina.sk\/en\/wp-json\/wp\/v2\/comments?post=1170"}],"version-history":[{"count":3,"href":"https:\/\/hudbasvetazilina.sk\/en\/wp-json\/wp\/v2\/pages\/1170\/revisions"}],"predecessor-version":[{"id":1174,"href":"https:\/\/hudbasvetazilina.sk\/en\/wp-json\/wp\/v2\/pages\/1170\/revisions\/1174"}],"wp:attachment":[{"href":"https:\/\/hudbasvetazilina.sk\/en\/wp-json\/wp\/v2\/media?parent=1170"}],"curies":[{"name":"wp","href":"https:\/\/api.w.org\/{rel}","templated":true}]}}